{"id":1255,"date":"2018-05-08T12:38:41","date_gmt":"2018-05-08T10:38:41","guid":{"rendered":"https:\/\/industriekultur-winterthur.ch\/site\/?page_id=1255"},"modified":"2026-04-09T19:02:20","modified_gmt":"2026-04-09T17:02:20","slug":"anlaesse","status":"publish","type":"page","link":"https:\/\/industriekultur-winterthur.ch\/site\/verein\/anlaesse\/","title":{"rendered":"Anl\u00e4sse"},"content":{"rendered":"<div id='av_section_1'  class='avia-section av-kov0h3-e7615d3c7c35886ceef59711766fa772 main_color avia-section-default avia-no-shadow  avia-builder-el-0  el_before_av_section  avia-builder-el-first  avia-bg-style-scroll container_wrap fullsize'  ><div class='container av-section-cont-open' ><main  role=\"main\" itemprop=\"mainContentOfPage\"  class='template-page content  av-content-full alpha units'><div class='post-entry post-entry-type-page post-entry-1255'><div class='entry-content-wrapper clearfix'>\n\n<style type=\"text\/css\" data-created_by=\"avia_inline_auto\" id=\"style-css-av-iqnsjb-39edf853f3beefe07c44e5b645747fe1\">\n.flex_column.av-iqnsjb-39edf853f3beefe07c44e5b645747fe1{\nborder-radius:0px 0px 0px 0px;\npadding:0px 0px 0px 0px;\n}\n<\/style>\n<div  class='flex_column av-iqnsjb-39edf853f3beefe07c44e5b645747fe1 av_one_half  avia-builder-el-1  el_before_av_one_half  avia-builder-el-first  first flex_column_div av-zero-column-padding  '     ><style type=\"text\/css\" data-created_by=\"avia_inline_auto\" id=\"style-css-av-hlstaf-7a8716d8c5100d7671ad3e47821020c8\">\n.avia-image-container.av-hlstaf-7a8716d8c5100d7671ad3e47821020c8 img.avia_image{\nbox-shadow:none;\n}\n.avia-image-container.av-hlstaf-7a8716d8c5100d7671ad3e47821020c8 .av-image-caption-overlay-center{\ncolor:#ffffff;\n}\n<\/style>\n<div  class='avia-image-container av-hlstaf-7a8716d8c5100d7671ad3e47821020c8 av-styling- avia-align-left  avia-builder-el-2  avia-builder-el-no-sibling '   itemprop=\"image\" itemscope=\"itemscope\" itemtype=\"https:\/\/schema.org\/ImageObject\" ><div class=\"avia-image-container-inner\"><div class=\"avia-image-overlay-wrap\"><img decoding=\"async\" fetchpriority=\"high\" class='wp-image-1676 avia-img-lazy-loading-not-1676 avia_image ' src=\"https:\/\/industriekultur-winterthur.ch\/site\/wp-content\/uploads\/2018\/05\/Nagli-Buffet-17_bereit-1030x773.jpg\" alt='' title='Nagelfabrik (dp)'  height=\"773\" width=\"1030\"  itemprop=\"thumbnailUrl\" srcset=\"https:\/\/industriekultur-winterthur.ch\/site\/wp-content\/uploads\/2018\/05\/Nagli-Buffet-17_bereit-1030x773.jpg 1030w, https:\/\/industriekultur-winterthur.ch\/site\/wp-content\/uploads\/2018\/05\/Nagli-Buffet-17_bereit-300x225.jpg 300w, https:\/\/industriekultur-winterthur.ch\/site\/wp-content\/uploads\/2018\/05\/Nagli-Buffet-17_bereit-768x576.jpg 768w, https:\/\/industriekultur-winterthur.ch\/site\/wp-content\/uploads\/2018\/05\/Nagli-Buffet-17_bereit-1500x1125.jpg 1500w, https:\/\/industriekultur-winterthur.ch\/site\/wp-content\/uploads\/2018\/05\/Nagli-Buffet-17_bereit-705x529.jpg 705w, https:\/\/industriekultur-winterthur.ch\/site\/wp-content\/uploads\/2018\/05\/Nagli-Buffet-17_bereit-450x338.jpg 450w, https:\/\/industriekultur-winterthur.ch\/site\/wp-content\/uploads\/2018\/05\/Nagli-Buffet-17_bereit.jpg 2000w\" sizes=\"(max-width: 1030px) 100vw, 1030px\" \/><\/div><\/div><\/div><\/div>\n<style type=\"text\/css\" data-created_by=\"avia_inline_auto\" id=\"style-css-av-fw9vmv-4336015381f4d5793c2d722d3ee706b2\">\n.flex_column.av-fw9vmv-4336015381f4d5793c2d722d3ee706b2{\nborder-radius:0px 0px 0px 0px;\npadding:0px 0px 0px 0px;\n}\n<\/style>\n<div  class='flex_column av-fw9vmv-4336015381f4d5793c2d722d3ee706b2 av_one_half  avia-builder-el-3  el_after_av_one_half  avia-builder-el-last  flex_column_div av-zero-column-padding  '     ><p>\n<style type=\"text\/css\" data-created_by=\"avia_inline_auto\" id=\"style-css-av-2og193-22a0fede13464a5d2a2ff28dee0bfd50\">\n#top .av-special-heading.av-2og193-22a0fede13464a5d2a2ff28dee0bfd50{\npadding-bottom:10px;\n}\nbody .av-special-heading.av-2og193-22a0fede13464a5d2a2ff28dee0bfd50 .av-special-heading-tag .heading-char{\nfont-size:25px;\n}\n.av-special-heading.av-2og193-22a0fede13464a5d2a2ff28dee0bfd50 .av-subheading{\nfont-size:15px;\n}\n<\/style>\n<div  class='av-special-heading av-2og193-22a0fede13464a5d2a2ff28dee0bfd50 av-special-heading-h1 blockquote modern-quote  avia-builder-el-4  el_before_av_textblock  avia-builder-el-first '><h1 class='av-special-heading-tag '  itemprop=\"headline\"  >Aktuell<\/h1><div class=\"special-heading-border\"><div class=\"special-heading-inner-border\"><\/div><\/div><\/div><br \/>\n<section  class='av_textblock_section av-colzxz-1c099580ea2af27d19be5594b7ea1369 '   itemscope=\"itemscope\" itemtype=\"https:\/\/schema.org\/CreativeWork\" ><div class='avia_textblock'  itemprop=\"text\" ><p><strong>N\u00e4chste \u00f6ffentliche Industriekultur-F\u00fchrungen<br \/>\n<\/strong><\/p>\n<ul>\n<li>F\u00fchrung \u00abSeidenweberei Sidi\u00bb<br \/>\nam Samstag, 18. April 2026 um 11 Uhr<strong><br \/>\n<a href=\"https:\/\/industriekultur-winterthur.ch\/site\/seidenweberei-sidi\/\">Infos<\/a><\/strong><\/li>\n<\/ul>\n<ul>\n<li>Archimedes tr\u00e4umt &#8211; Ein philosophischer Audiowalk<br \/>\nam Samstag, 25. April 2026 um 11.00 Uhr<strong><br \/>\n<a href=\"https:\/\/archimedes-traeumt.ch\/\">Infos<\/a><br \/>\n<\/strong><\/li>\n<\/ul>\n<ul>\n<li>F\u00fchrung durch die Nagelfabrik<br \/>\nam Samstag, 2. Mai 2026 um 11 Uhr<strong><br \/>\n<a href=\"https:\/\/industriekultur-winterthur.ch\/site\/nagelfabrik\/\">Infos<\/a><\/strong><\/li>\n<\/ul>\n<ul>\n<li>F\u00fchrung \u00abaltes Lokdepot\u00bb<br \/>\nam Samstag, 9. Mai 2026 um 11 Uhr <strong><br \/>\n<a href=\"https:\/\/industriekultur-winterthur.ch\/site\/lokomotivdepot\/\">Infos<\/a><br \/>\n<\/strong><\/li>\n<\/ul>\n<ul>\n<li>K\u00f6hlerfest Andelbach<br \/>\nam Sonntag, 24. Mai 2026 um 11 Uhr<br \/>\n<strong><a href=\"https:\/\/www.kohlenmeiler.ch\/news\/\">Infos<\/a><br \/>\n<\/strong><\/li>\n<\/ul>\n<ul>\n<li>F\u00fchrung \u00abM\u00fchlen entlang der Eulach\u00bb<br \/>\nam Samstag, 30. Mai 2026 um 10.30 Uhr <strong><br \/>\n<a href=\"https:\/\/industriekultur-winterthur.ch\/site\/muehlen\/\">Infos<\/a><br \/>\n<\/strong><\/li>\n<\/ul>\n<ul>\n<li>F\u00fchrung durch das Sulzerareal<br \/>\nam Samstag, 13. Juni 2026 um 10.30 Uhr <strong><br \/>\n<a href=\"https:\/\/industriekultur-winterthur.ch\/site\/sulzerareal-stadtmitte\/\">Infos<\/a><br \/>\n<\/strong><\/li>\n<\/ul>\n<p><!--Weitere \u00f6ffentliche F\u00fchrungen \u00abM\u00fchlen entlang der Eulach\u00bb sowie durchs Sulzer- oder Sidiareal f\u00fcr 2026 sind in Planung.--><\/p>\n<\/div><\/section><\/p><\/div><\/div><\/div><\/main><!-- close content main element --><\/div><\/div><div id='av_section_2'  class='avia-section av-arzd1j-adfeec3c04f915720d13931a3c6370cd main_color avia-section-default avia-no-shadow  avia-builder-el-6  el_after_av_section  el_before_av_section  avia-bg-style-scroll container_wrap fullsize'  ><div class='container av-section-cont-open' ><div class='template-page content  av-content-full alpha units'><div class='post-entry post-entry-type-page post-entry-1255'><div class='entry-content-wrapper clearfix'>\n\n<style type=\"text\/css\" data-created_by=\"avia_inline_auto\" id=\"style-css-av-3zbpfb-135fd4f0050444c0b11735972dc38152\">\n.flex_column.av-3zbpfb-135fd4f0050444c0b11735972dc38152{\nborder-radius:0px 0px 0px 0px;\npadding:0px 0px 0px 0px;\n}\n<\/style>\n<div  class='flex_column av-3zbpfb-135fd4f0050444c0b11735972dc38152 av_one_half  avia-builder-el-7  el_before_av_one_half  avia-builder-el-first  first flex_column_div av-zero-column-padding  '     ><div  class='avia-slideshow av-lyflr0dq-e953a765f174b1c877d40ca717372366 avia-slideshow-no scaling av_slideshow avia-slide-slider  avia-builder-el-8  avia-builder-el-no-sibling  av-slideshow-ui av-control-default av-slideshow-autoplay av-loop-endless av-loop-manual-endless av-default-height-applied avia-slideshow-1' data-slideshow-options=\"{&quot;animation&quot;:&quot;slide&quot;,&quot;autoplay&quot;:true,&quot;loop_autoplay&quot;:&quot;endless&quot;,&quot;interval&quot;:5,&quot;loop_manual&quot;:&quot;manual-endless&quot;,&quot;autoplay_stopper&quot;:false,&quot;noNavigation&quot;:false,&quot;bg_slider&quot;:false,&quot;keep_padding&quot;:false,&quot;hoverpause&quot;:false,&quot;show_slide_delay&quot;:0}\"  itemprop=\"image\" itemscope=\"itemscope\" itemtype=\"https:\/\/schema.org\/ImageObject\" ><ul class='avia-slideshow-inner ' style='padding-bottom: 75%;'><li  class='avia-slideshow-slide av-lyflr0dq-e953a765f174b1c877d40ca717372366__0  slide-1 slide-odd'><div data-rel='slideshow-1' class='avia-slide-wrap '   ><img decoding=\"async\" fetchpriority=\"high\" class=\"wp-image-3756 avia-img-lazy-loading-not-3756\"  src=\"https:\/\/industriekultur-winterthur.ch\/site\/wp-content\/uploads\/2024\/07\/Koehlerfest_2024-13.jpg\" width=\"2000\" height=\"1500\" title='K\u00f6hlerfest 2024' alt=''  itemprop=\"thumbnailUrl\" srcset=\"https:\/\/industriekultur-winterthur.ch\/site\/wp-content\/uploads\/2024\/07\/Koehlerfest_2024-13.jpg 2000w, https:\/\/industriekultur-winterthur.ch\/site\/wp-content\/uploads\/2024\/07\/Koehlerfest_2024-13-300x225.jpg 300w, https:\/\/industriekultur-winterthur.ch\/site\/wp-content\/uploads\/2024\/07\/Koehlerfest_2024-13-1030x773.jpg 1030w, https:\/\/industriekultur-winterthur.ch\/site\/wp-content\/uploads\/2024\/07\/Koehlerfest_2024-13-768x576.jpg 768w, https:\/\/industriekultur-winterthur.ch\/site\/wp-content\/uploads\/2024\/07\/Koehlerfest_2024-13-1536x1152.jpg 1536w, https:\/\/industriekultur-winterthur.ch\/site\/wp-content\/uploads\/2024\/07\/Koehlerfest_2024-13-1500x1125.jpg 1500w, https:\/\/industriekultur-winterthur.ch\/site\/wp-content\/uploads\/2024\/07\/Koehlerfest_2024-13-705x529.jpg 705w\" sizes=\"(max-width: 2000px) 100vw, 2000px\" \/><\/div><\/li><li  class='avia-slideshow-slide av-lyflr0dq-e953a765f174b1c877d40ca717372366__1  slide-2 slide-even'><div data-rel='slideshow-1' class='avia-slide-wrap '   ><img decoding=\"async\" fetchpriority=\"high\" class=\"wp-image-3755 avia-img-lazy-loading-not-3755\"  src=\"https:\/\/industriekultur-winterthur.ch\/site\/wp-content\/uploads\/2024\/07\/Koehlerfest_2024-12.jpg\" width=\"2000\" height=\"1500\" title='K\u00f6hlerfest 2024' alt=''  itemprop=\"thumbnailUrl\" srcset=\"https:\/\/industriekultur-winterthur.ch\/site\/wp-content\/uploads\/2024\/07\/Koehlerfest_2024-12.jpg 2000w, https:\/\/industriekultur-winterthur.ch\/site\/wp-content\/uploads\/2024\/07\/Koehlerfest_2024-12-300x225.jpg 300w, https:\/\/industriekultur-winterthur.ch\/site\/wp-content\/uploads\/2024\/07\/Koehlerfest_2024-12-1030x773.jpg 1030w, https:\/\/industriekultur-winterthur.ch\/site\/wp-content\/uploads\/2024\/07\/Koehlerfest_2024-12-768x576.jpg 768w, https:\/\/industriekultur-winterthur.ch\/site\/wp-content\/uploads\/2024\/07\/Koehlerfest_2024-12-1536x1152.jpg 1536w, https:\/\/industriekultur-winterthur.ch\/site\/wp-content\/uploads\/2024\/07\/Koehlerfest_2024-12-1500x1125.jpg 1500w, https:\/\/industriekultur-winterthur.ch\/site\/wp-content\/uploads\/2024\/07\/Koehlerfest_2024-12-705x529.jpg 705w\" sizes=\"(max-width: 2000px) 100vw, 2000px\" \/><\/div><\/li><li  class='avia-slideshow-slide av-lyflr0dq-e953a765f174b1c877d40ca717372366__2  slide-3 slide-odd'><div data-rel='slideshow-1' class='avia-slide-wrap '   ><img decoding=\"async\" fetchpriority=\"high\" class=\"wp-image-3754 avia-img-lazy-loading-not-3754\"  src=\"https:\/\/industriekultur-winterthur.ch\/site\/wp-content\/uploads\/2024\/07\/Koehlerfest_2024-11.jpg\" width=\"2000\" height=\"1501\" title='K\u00f6hlerfest 2024' alt=''  itemprop=\"thumbnailUrl\" srcset=\"https:\/\/industriekultur-winterthur.ch\/site\/wp-content\/uploads\/2024\/07\/Koehlerfest_2024-11.jpg 2000w, https:\/\/industriekultur-winterthur.ch\/site\/wp-content\/uploads\/2024\/07\/Koehlerfest_2024-11-300x225.jpg 300w, https:\/\/industriekultur-winterthur.ch\/site\/wp-content\/uploads\/2024\/07\/Koehlerfest_2024-11-1030x773.jpg 1030w, https:\/\/industriekultur-winterthur.ch\/site\/wp-content\/uploads\/2024\/07\/Koehlerfest_2024-11-768x576.jpg 768w, https:\/\/industriekultur-winterthur.ch\/site\/wp-content\/uploads\/2024\/07\/Koehlerfest_2024-11-1536x1153.jpg 1536w, https:\/\/industriekultur-winterthur.ch\/site\/wp-content\/uploads\/2024\/07\/Koehlerfest_2024-11-1500x1126.jpg 1500w, https:\/\/industriekultur-winterthur.ch\/site\/wp-content\/uploads\/2024\/07\/Koehlerfest_2024-11-705x529.jpg 705w\" sizes=\"(max-width: 2000px) 100vw, 2000px\" \/><\/div><\/li><li  class='avia-slideshow-slide av-lyflr0dq-e953a765f174b1c877d40ca717372366__3  slide-4 slide-even'><div data-rel='slideshow-1' class='avia-slide-wrap '   ><img decoding=\"async\" fetchpriority=\"high\" class=\"wp-image-3753 avia-img-lazy-loading-not-3753\"  src=\"https:\/\/industriekultur-winterthur.ch\/site\/wp-content\/uploads\/2024\/07\/Koehlerfest_2024-10.jpg\" width=\"2000\" height=\"1500\" title='K\u00f6hlerfest 2024' alt=''  itemprop=\"thumbnailUrl\" srcset=\"https:\/\/industriekultur-winterthur.ch\/site\/wp-content\/uploads\/2024\/07\/Koehlerfest_2024-10.jpg 2000w, https:\/\/industriekultur-winterthur.ch\/site\/wp-content\/uploads\/2024\/07\/Koehlerfest_2024-10-300x225.jpg 300w, https:\/\/industriekultur-winterthur.ch\/site\/wp-content\/uploads\/2024\/07\/Koehlerfest_2024-10-1030x773.jpg 1030w, https:\/\/industriekultur-winterthur.ch\/site\/wp-content\/uploads\/2024\/07\/Koehlerfest_2024-10-768x576.jpg 768w, https:\/\/industriekultur-winterthur.ch\/site\/wp-content\/uploads\/2024\/07\/Koehlerfest_2024-10-1536x1152.jpg 1536w, https:\/\/industriekultur-winterthur.ch\/site\/wp-content\/uploads\/2024\/07\/Koehlerfest_2024-10-1500x1125.jpg 1500w, https:\/\/industriekultur-winterthur.ch\/site\/wp-content\/uploads\/2024\/07\/Koehlerfest_2024-10-705x529.jpg 705w\" sizes=\"(max-width: 2000px) 100vw, 2000px\" \/><\/div><\/li><li  class='avia-slideshow-slide av-lyflr0dq-e953a765f174b1c877d40ca717372366__4  slide-5 slide-odd'><div data-rel='slideshow-1' class='avia-slide-wrap '   ><img decoding=\"async\" fetchpriority=\"high\" class=\"wp-image-3752 avia-img-lazy-loading-not-3752\"  src=\"https:\/\/industriekultur-winterthur.ch\/site\/wp-content\/uploads\/2024\/07\/Koehlerfest_2024-9.jpg\" width=\"2000\" height=\"1500\" title='K\u00f6hlerfest 2024' alt=''  itemprop=\"thumbnailUrl\" srcset=\"https:\/\/industriekultur-winterthur.ch\/site\/wp-content\/uploads\/2024\/07\/Koehlerfest_2024-9.jpg 2000w, https:\/\/industriekultur-winterthur.ch\/site\/wp-content\/uploads\/2024\/07\/Koehlerfest_2024-9-300x225.jpg 300w, https:\/\/industriekultur-winterthur.ch\/site\/wp-content\/uploads\/2024\/07\/Koehlerfest_2024-9-1030x773.jpg 1030w, https:\/\/industriekultur-winterthur.ch\/site\/wp-content\/uploads\/2024\/07\/Koehlerfest_2024-9-768x576.jpg 768w, https:\/\/industriekultur-winterthur.ch\/site\/wp-content\/uploads\/2024\/07\/Koehlerfest_2024-9-1536x1152.jpg 1536w, https:\/\/industriekultur-winterthur.ch\/site\/wp-content\/uploads\/2024\/07\/Koehlerfest_2024-9-1500x1125.jpg 1500w, https:\/\/industriekultur-winterthur.ch\/site\/wp-content\/uploads\/2024\/07\/Koehlerfest_2024-9-705x529.jpg 705w\" sizes=\"(max-width: 2000px) 100vw, 2000px\" \/><\/div><\/li><li  class='avia-slideshow-slide av-lyflr0dq-e953a765f174b1c877d40ca717372366__5  slide-6 slide-even'><div data-rel='slideshow-1' class='avia-slide-wrap '   ><img decoding=\"async\" fetchpriority=\"high\" class=\"wp-image-3751 avia-img-lazy-loading-not-3751\"  src=\"https:\/\/industriekultur-winterthur.ch\/site\/wp-content\/uploads\/2024\/07\/Koehlerfest_2024-8.jpg\" width=\"2000\" height=\"1500\" title='K\u00f6hlerfest 2024' alt=''  itemprop=\"thumbnailUrl\" srcset=\"https:\/\/industriekultur-winterthur.ch\/site\/wp-content\/uploads\/2024\/07\/Koehlerfest_2024-8.jpg 2000w, https:\/\/industriekultur-winterthur.ch\/site\/wp-content\/uploads\/2024\/07\/Koehlerfest_2024-8-300x225.jpg 300w, https:\/\/industriekultur-winterthur.ch\/site\/wp-content\/uploads\/2024\/07\/Koehlerfest_2024-8-1030x773.jpg 1030w, https:\/\/industriekultur-winterthur.ch\/site\/wp-content\/uploads\/2024\/07\/Koehlerfest_2024-8-768x576.jpg 768w, https:\/\/industriekultur-winterthur.ch\/site\/wp-content\/uploads\/2024\/07\/Koehlerfest_2024-8-1536x1152.jpg 1536w, https:\/\/industriekultur-winterthur.ch\/site\/wp-content\/uploads\/2024\/07\/Koehlerfest_2024-8-1500x1125.jpg 1500w, https:\/\/industriekultur-winterthur.ch\/site\/wp-content\/uploads\/2024\/07\/Koehlerfest_2024-8-705x529.jpg 705w\" sizes=\"(max-width: 2000px) 100vw, 2000px\" \/><\/div><\/li><li  class='avia-slideshow-slide av-lyflr0dq-e953a765f174b1c877d40ca717372366__6  slide-7 slide-odd'><div data-rel='slideshow-1' class='avia-slide-wrap '   ><img decoding=\"async\" fetchpriority=\"high\" class=\"wp-image-3750 avia-img-lazy-loading-not-3750\"  src=\"https:\/\/industriekultur-winterthur.ch\/site\/wp-content\/uploads\/2024\/07\/Koehlerfest_2024-7.jpg\" width=\"2000\" height=\"1500\" title='K\u00f6hlerfest 2024' alt=''  itemprop=\"thumbnailUrl\" srcset=\"https:\/\/industriekultur-winterthur.ch\/site\/wp-content\/uploads\/2024\/07\/Koehlerfest_2024-7.jpg 2000w, https:\/\/industriekultur-winterthur.ch\/site\/wp-content\/uploads\/2024\/07\/Koehlerfest_2024-7-300x225.jpg 300w, https:\/\/industriekultur-winterthur.ch\/site\/wp-content\/uploads\/2024\/07\/Koehlerfest_2024-7-1030x773.jpg 1030w, https:\/\/industriekultur-winterthur.ch\/site\/wp-content\/uploads\/2024\/07\/Koehlerfest_2024-7-768x576.jpg 768w, https:\/\/industriekultur-winterthur.ch\/site\/wp-content\/uploads\/2024\/07\/Koehlerfest_2024-7-1536x1152.jpg 1536w, https:\/\/industriekultur-winterthur.ch\/site\/wp-content\/uploads\/2024\/07\/Koehlerfest_2024-7-1500x1125.jpg 1500w, https:\/\/industriekultur-winterthur.ch\/site\/wp-content\/uploads\/2024\/07\/Koehlerfest_2024-7-705x529.jpg 705w\" sizes=\"(max-width: 2000px) 100vw, 2000px\" \/><\/div><\/li><li  class='avia-slideshow-slide av-lyflr0dq-e953a765f174b1c877d40ca717372366__7  slide-8 slide-even'><div data-rel='slideshow-1' class='avia-slide-wrap '   ><img decoding=\"async\" fetchpriority=\"high\" class=\"wp-image-3749 avia-img-lazy-loading-not-3749\"  src=\"https:\/\/industriekultur-winterthur.ch\/site\/wp-content\/uploads\/2024\/07\/Koehlerfest_2024-6.jpg\" width=\"2000\" height=\"1500\" title='K\u00f6hlerfest 2024' alt=''  itemprop=\"thumbnailUrl\" srcset=\"https:\/\/industriekultur-winterthur.ch\/site\/wp-content\/uploads\/2024\/07\/Koehlerfest_2024-6.jpg 2000w, https:\/\/industriekultur-winterthur.ch\/site\/wp-content\/uploads\/2024\/07\/Koehlerfest_2024-6-300x225.jpg 300w, https:\/\/industriekultur-winterthur.ch\/site\/wp-content\/uploads\/2024\/07\/Koehlerfest_2024-6-1030x773.jpg 1030w, https:\/\/industriekultur-winterthur.ch\/site\/wp-content\/uploads\/2024\/07\/Koehlerfest_2024-6-768x576.jpg 768w, https:\/\/industriekultur-winterthur.ch\/site\/wp-content\/uploads\/2024\/07\/Koehlerfest_2024-6-1536x1152.jpg 1536w, https:\/\/industriekultur-winterthur.ch\/site\/wp-content\/uploads\/2024\/07\/Koehlerfest_2024-6-1500x1125.jpg 1500w, https:\/\/industriekultur-winterthur.ch\/site\/wp-content\/uploads\/2024\/07\/Koehlerfest_2024-6-705x529.jpg 705w\" sizes=\"(max-width: 2000px) 100vw, 2000px\" \/><\/div><\/li><li  class='avia-slideshow-slide av-lyflr0dq-e953a765f174b1c877d40ca717372366__8  slide-9 slide-odd'><div data-rel='slideshow-1' class='avia-slide-wrap '   ><img decoding=\"async\" fetchpriority=\"high\" class=\"wp-image-3748 avia-img-lazy-loading-not-3748\"  src=\"https:\/\/industriekultur-winterthur.ch\/site\/wp-content\/uploads\/2024\/07\/Koehlerfest_2024-5.jpg\" width=\"2000\" height=\"1501\" title='K\u00f6hlerfest 2024' alt=''  itemprop=\"thumbnailUrl\" srcset=\"https:\/\/industriekultur-winterthur.ch\/site\/wp-content\/uploads\/2024\/07\/Koehlerfest_2024-5.jpg 2000w, https:\/\/industriekultur-winterthur.ch\/site\/wp-content\/uploads\/2024\/07\/Koehlerfest_2024-5-300x225.jpg 300w, https:\/\/industriekultur-winterthur.ch\/site\/wp-content\/uploads\/2024\/07\/Koehlerfest_2024-5-1030x773.jpg 1030w, https:\/\/industriekultur-winterthur.ch\/site\/wp-content\/uploads\/2024\/07\/Koehlerfest_2024-5-768x576.jpg 768w, https:\/\/industriekultur-winterthur.ch\/site\/wp-content\/uploads\/2024\/07\/Koehlerfest_2024-5-1536x1153.jpg 1536w, https:\/\/industriekultur-winterthur.ch\/site\/wp-content\/uploads\/2024\/07\/Koehlerfest_2024-5-1500x1126.jpg 1500w, https:\/\/industriekultur-winterthur.ch\/site\/wp-content\/uploads\/2024\/07\/Koehlerfest_2024-5-705x529.jpg 705w\" sizes=\"(max-width: 2000px) 100vw, 2000px\" \/><\/div><\/li><li  class='avia-slideshow-slide av-lyflr0dq-e953a765f174b1c877d40ca717372366__9  slide-10 slide-even'><div data-rel='slideshow-1' class='avia-slide-wrap '   ><img decoding=\"async\" fetchpriority=\"high\" class=\"wp-image-3747 avia-img-lazy-loading-not-3747\"  src=\"https:\/\/industriekultur-winterthur.ch\/site\/wp-content\/uploads\/2024\/07\/Koehlerfest_2024-4.jpg\" width=\"2000\" height=\"1501\" title='K\u00f6hlerfest 2024' alt=''  itemprop=\"thumbnailUrl\" srcset=\"https:\/\/industriekultur-winterthur.ch\/site\/wp-content\/uploads\/2024\/07\/Koehlerfest_2024-4.jpg 2000w, https:\/\/industriekultur-winterthur.ch\/site\/wp-content\/uploads\/2024\/07\/Koehlerfest_2024-4-300x225.jpg 300w, https:\/\/industriekultur-winterthur.ch\/site\/wp-content\/uploads\/2024\/07\/Koehlerfest_2024-4-1030x773.jpg 1030w, https:\/\/industriekultur-winterthur.ch\/site\/wp-content\/uploads\/2024\/07\/Koehlerfest_2024-4-768x576.jpg 768w, https:\/\/industriekultur-winterthur.ch\/site\/wp-content\/uploads\/2024\/07\/Koehlerfest_2024-4-1536x1153.jpg 1536w, https:\/\/industriekultur-winterthur.ch\/site\/wp-content\/uploads\/2024\/07\/Koehlerfest_2024-4-1500x1126.jpg 1500w, https:\/\/industriekultur-winterthur.ch\/site\/wp-content\/uploads\/2024\/07\/Koehlerfest_2024-4-705x529.jpg 705w\" sizes=\"(max-width: 2000px) 100vw, 2000px\" \/><\/div><\/li><li  class='avia-slideshow-slide av-lyflr0dq-e953a765f174b1c877d40ca717372366__10  slide-11 slide-odd'><div data-rel='slideshow-1' class='avia-slide-wrap '   ><img decoding=\"async\" fetchpriority=\"high\" class=\"wp-image-3739 avia-img-lazy-loading-not-3739\"  src=\"https:\/\/industriekultur-winterthur.ch\/site\/wp-content\/uploads\/2024\/07\/Koehlerfest_2024-14.jpg\" width=\"2000\" height=\"1500\" title='K\u00f6hlerfest 2024' alt=''  itemprop=\"thumbnailUrl\" srcset=\"https:\/\/industriekultur-winterthur.ch\/site\/wp-content\/uploads\/2024\/07\/Koehlerfest_2024-14.jpg 2000w, https:\/\/industriekultur-winterthur.ch\/site\/wp-content\/uploads\/2024\/07\/Koehlerfest_2024-14-300x225.jpg 300w, https:\/\/industriekultur-winterthur.ch\/site\/wp-content\/uploads\/2024\/07\/Koehlerfest_2024-14-1030x773.jpg 1030w, https:\/\/industriekultur-winterthur.ch\/site\/wp-content\/uploads\/2024\/07\/Koehlerfest_2024-14-768x576.jpg 768w, https:\/\/industriekultur-winterthur.ch\/site\/wp-content\/uploads\/2024\/07\/Koehlerfest_2024-14-1536x1152.jpg 1536w, https:\/\/industriekultur-winterthur.ch\/site\/wp-content\/uploads\/2024\/07\/Koehlerfest_2024-14-1500x1125.jpg 1500w, https:\/\/industriekultur-winterthur.ch\/site\/wp-content\/uploads\/2024\/07\/Koehlerfest_2024-14-705x529.jpg 705w\" sizes=\"(max-width: 2000px) 100vw, 2000px\" \/><\/div><\/li><li  class='avia-slideshow-slide av-lyflr0dq-e953a765f174b1c877d40ca717372366__11  slide-12 slide-even'><div data-rel='slideshow-1' class='avia-slide-wrap '   ><img decoding=\"async\" fetchpriority=\"high\" class=\"wp-image-3740 avia-img-lazy-loading-not-3740\"  src=\"https:\/\/industriekultur-winterthur.ch\/site\/wp-content\/uploads\/2024\/07\/Koehlerfest_2024-15.jpg\" width=\"2000\" height=\"1500\" title='K\u00f6hlerfest 2024' alt=''  itemprop=\"thumbnailUrl\" srcset=\"https:\/\/industriekultur-winterthur.ch\/site\/wp-content\/uploads\/2024\/07\/Koehlerfest_2024-15.jpg 2000w, https:\/\/industriekultur-winterthur.ch\/site\/wp-content\/uploads\/2024\/07\/Koehlerfest_2024-15-300x225.jpg 300w, https:\/\/industriekultur-winterthur.ch\/site\/wp-content\/uploads\/2024\/07\/Koehlerfest_2024-15-1030x773.jpg 1030w, https:\/\/industriekultur-winterthur.ch\/site\/wp-content\/uploads\/2024\/07\/Koehlerfest_2024-15-768x576.jpg 768w, https:\/\/industriekultur-winterthur.ch\/site\/wp-content\/uploads\/2024\/07\/Koehlerfest_2024-15-1536x1152.jpg 1536w, https:\/\/industriekultur-winterthur.ch\/site\/wp-content\/uploads\/2024\/07\/Koehlerfest_2024-15-1500x1125.jpg 1500w, https:\/\/industriekultur-winterthur.ch\/site\/wp-content\/uploads\/2024\/07\/Koehlerfest_2024-15-705x529.jpg 705w\" sizes=\"(max-width: 2000px) 100vw, 2000px\" \/><\/div><\/li><li  class='avia-slideshow-slide av-lyflr0dq-e953a765f174b1c877d40ca717372366__12  slide-13 slide-odd'><div data-rel='slideshow-1' class='avia-slide-wrap '   ><img decoding=\"async\" fetchpriority=\"high\" class=\"wp-image-3741 avia-img-lazy-loading-not-3741\"  src=\"https:\/\/industriekultur-winterthur.ch\/site\/wp-content\/uploads\/2024\/07\/Koehlerfest_2024-16.jpg\" width=\"2000\" height=\"1499\" title='K\u00f6hlerfest 2024' alt=''  itemprop=\"thumbnailUrl\" srcset=\"https:\/\/industriekultur-winterthur.ch\/site\/wp-content\/uploads\/2024\/07\/Koehlerfest_2024-16.jpg 2000w, https:\/\/industriekultur-winterthur.ch\/site\/wp-content\/uploads\/2024\/07\/Koehlerfest_2024-16-300x225.jpg 300w, https:\/\/industriekultur-winterthur.ch\/site\/wp-content\/uploads\/2024\/07\/Koehlerfest_2024-16-1030x772.jpg 1030w, https:\/\/industriekultur-winterthur.ch\/site\/wp-content\/uploads\/2024\/07\/Koehlerfest_2024-16-768x576.jpg 768w, https:\/\/industriekultur-winterthur.ch\/site\/wp-content\/uploads\/2024\/07\/Koehlerfest_2024-16-1536x1151.jpg 1536w, https:\/\/industriekultur-winterthur.ch\/site\/wp-content\/uploads\/2024\/07\/Koehlerfest_2024-16-1500x1124.jpg 1500w, https:\/\/industriekultur-winterthur.ch\/site\/wp-content\/uploads\/2024\/07\/Koehlerfest_2024-16-705x528.jpg 705w\" sizes=\"(max-width: 2000px) 100vw, 2000px\" \/><\/div><\/li><li  class='avia-slideshow-slide av-lyflr0dq-e953a765f174b1c877d40ca717372366__13  slide-14 slide-even'><div data-rel='slideshow-1' class='avia-slide-wrap '   ><img decoding=\"async\" fetchpriority=\"high\" class=\"wp-image-3742 avia-img-lazy-loading-not-3742\"  src=\"https:\/\/industriekultur-winterthur.ch\/site\/wp-content\/uploads\/2024\/07\/Koehlerfest_2024-17.jpg\" width=\"2000\" height=\"1500\" title='K\u00f6hlerfest 2024' alt=''  itemprop=\"thumbnailUrl\" srcset=\"https:\/\/industriekultur-winterthur.ch\/site\/wp-content\/uploads\/2024\/07\/Koehlerfest_2024-17.jpg 2000w, https:\/\/industriekultur-winterthur.ch\/site\/wp-content\/uploads\/2024\/07\/Koehlerfest_2024-17-300x225.jpg 300w, https:\/\/industriekultur-winterthur.ch\/site\/wp-content\/uploads\/2024\/07\/Koehlerfest_2024-17-1030x773.jpg 1030w, https:\/\/industriekultur-winterthur.ch\/site\/wp-content\/uploads\/2024\/07\/Koehlerfest_2024-17-768x576.jpg 768w, https:\/\/industriekultur-winterthur.ch\/site\/wp-content\/uploads\/2024\/07\/Koehlerfest_2024-17-1536x1152.jpg 1536w, https:\/\/industriekultur-winterthur.ch\/site\/wp-content\/uploads\/2024\/07\/Koehlerfest_2024-17-1500x1125.jpg 1500w, https:\/\/industriekultur-winterthur.ch\/site\/wp-content\/uploads\/2024\/07\/Koehlerfest_2024-17-705x529.jpg 705w\" sizes=\"(max-width: 2000px) 100vw, 2000px\" \/><\/div><\/li><li  class='avia-slideshow-slide av-lyflr0dq-e953a765f174b1c877d40ca717372366__14  slide-15 slide-odd'><div data-rel='slideshow-1' class='avia-slide-wrap '   ><img decoding=\"async\" fetchpriority=\"high\" class=\"wp-image-3743 avia-img-lazy-loading-not-3743\"  src=\"https:\/\/industriekultur-winterthur.ch\/site\/wp-content\/uploads\/2024\/07\/Koehlerfest_2024-18.jpg\" width=\"2000\" height=\"1500\" title='K\u00f6hlerfest 2024' alt=''  itemprop=\"thumbnailUrl\" srcset=\"https:\/\/industriekultur-winterthur.ch\/site\/wp-content\/uploads\/2024\/07\/Koehlerfest_2024-18.jpg 2000w, https:\/\/industriekultur-winterthur.ch\/site\/wp-content\/uploads\/2024\/07\/Koehlerfest_2024-18-300x225.jpg 300w, https:\/\/industriekultur-winterthur.ch\/site\/wp-content\/uploads\/2024\/07\/Koehlerfest_2024-18-1030x773.jpg 1030w, https:\/\/industriekultur-winterthur.ch\/site\/wp-content\/uploads\/2024\/07\/Koehlerfest_2024-18-768x576.jpg 768w, https:\/\/industriekultur-winterthur.ch\/site\/wp-content\/uploads\/2024\/07\/Koehlerfest_2024-18-1536x1152.jpg 1536w, https:\/\/industriekultur-winterthur.ch\/site\/wp-content\/uploads\/2024\/07\/Koehlerfest_2024-18-1500x1125.jpg 1500w, https:\/\/industriekultur-winterthur.ch\/site\/wp-content\/uploads\/2024\/07\/Koehlerfest_2024-18-705x529.jpg 705w\" sizes=\"(max-width: 2000px) 100vw, 2000px\" \/><\/div><\/li><li  class='avia-slideshow-slide av-lyflr0dq-e953a765f174b1c877d40ca717372366__15  slide-16 slide-even'><div data-rel='slideshow-1' class='avia-slide-wrap '   ><img decoding=\"async\" fetchpriority=\"high\" class=\"wp-image-3744 avia-img-lazy-loading-not-3744\"  src=\"https:\/\/industriekultur-winterthur.ch\/site\/wp-content\/uploads\/2024\/07\/Koehlerfest_2024-1.jpg\" width=\"2000\" height=\"1500\" title='K\u00f6hlerfest 2024' alt=''  itemprop=\"thumbnailUrl\" srcset=\"https:\/\/industriekultur-winterthur.ch\/site\/wp-content\/uploads\/2024\/07\/Koehlerfest_2024-1.jpg 2000w, https:\/\/industriekultur-winterthur.ch\/site\/wp-content\/uploads\/2024\/07\/Koehlerfest_2024-1-300x225.jpg 300w, https:\/\/industriekultur-winterthur.ch\/site\/wp-content\/uploads\/2024\/07\/Koehlerfest_2024-1-1030x773.jpg 1030w, https:\/\/industriekultur-winterthur.ch\/site\/wp-content\/uploads\/2024\/07\/Koehlerfest_2024-1-768x576.jpg 768w, https:\/\/industriekultur-winterthur.ch\/site\/wp-content\/uploads\/2024\/07\/Koehlerfest_2024-1-1536x1152.jpg 1536w, https:\/\/industriekultur-winterthur.ch\/site\/wp-content\/uploads\/2024\/07\/Koehlerfest_2024-1-1500x1125.jpg 1500w, https:\/\/industriekultur-winterthur.ch\/site\/wp-content\/uploads\/2024\/07\/Koehlerfest_2024-1-705x529.jpg 705w\" sizes=\"(max-width: 2000px) 100vw, 2000px\" \/><\/div><\/li><li  class='avia-slideshow-slide av-lyflr0dq-e953a765f174b1c877d40ca717372366__16  slide-17 slide-odd'><div data-rel='slideshow-1' class='avia-slide-wrap '   ><img decoding=\"async\" fetchpriority=\"high\" class=\"wp-image-3745 avia-img-lazy-loading-not-3745\"  src=\"https:\/\/industriekultur-winterthur.ch\/site\/wp-content\/uploads\/2024\/07\/Koehlerfest_2024-2.jpg\" width=\"2000\" height=\"1500\" title='K\u00f6hlerfest 2024' alt=''  itemprop=\"thumbnailUrl\" srcset=\"https:\/\/industriekultur-winterthur.ch\/site\/wp-content\/uploads\/2024\/07\/Koehlerfest_2024-2.jpg 2000w, https:\/\/industriekultur-winterthur.ch\/site\/wp-content\/uploads\/2024\/07\/Koehlerfest_2024-2-300x225.jpg 300w, https:\/\/industriekultur-winterthur.ch\/site\/wp-content\/uploads\/2024\/07\/Koehlerfest_2024-2-1030x773.jpg 1030w, https:\/\/industriekultur-winterthur.ch\/site\/wp-content\/uploads\/2024\/07\/Koehlerfest_2024-2-768x576.jpg 768w, https:\/\/industriekultur-winterthur.ch\/site\/wp-content\/uploads\/2024\/07\/Koehlerfest_2024-2-1536x1152.jpg 1536w, https:\/\/industriekultur-winterthur.ch\/site\/wp-content\/uploads\/2024\/07\/Koehlerfest_2024-2-1500x1125.jpg 1500w, https:\/\/industriekultur-winterthur.ch\/site\/wp-content\/uploads\/2024\/07\/Koehlerfest_2024-2-705x529.jpg 705w\" sizes=\"(max-width: 2000px) 100vw, 2000px\" \/><\/div><\/li><li  class='avia-slideshow-slide av-lyflr0dq-e953a765f174b1c877d40ca717372366__17  slide-18 slide-even'><div data-rel='slideshow-1' class='avia-slide-wrap '   ><img decoding=\"async\" fetchpriority=\"high\" class=\"wp-image-3746 avia-img-lazy-loading-not-3746\"  src=\"https:\/\/industriekultur-winterthur.ch\/site\/wp-content\/uploads\/2024\/07\/Koehlerfest_2024-3.jpg\" width=\"2000\" height=\"1500\" title='K\u00f6hlerfest 2024' alt=''  itemprop=\"thumbnailUrl\" srcset=\"https:\/\/industriekultur-winterthur.ch\/site\/wp-content\/uploads\/2024\/07\/Koehlerfest_2024-3.jpg 2000w, https:\/\/industriekultur-winterthur.ch\/site\/wp-content\/uploads\/2024\/07\/Koehlerfest_2024-3-300x225.jpg 300w, https:\/\/industriekultur-winterthur.ch\/site\/wp-content\/uploads\/2024\/07\/Koehlerfest_2024-3-1030x773.jpg 1030w, https:\/\/industriekultur-winterthur.ch\/site\/wp-content\/uploads\/2024\/07\/Koehlerfest_2024-3-768x576.jpg 768w, https:\/\/industriekultur-winterthur.ch\/site\/wp-content\/uploads\/2024\/07\/Koehlerfest_2024-3-1536x1152.jpg 1536w, https:\/\/industriekultur-winterthur.ch\/site\/wp-content\/uploads\/2024\/07\/Koehlerfest_2024-3-1500x1125.jpg 1500w, https:\/\/industriekultur-winterthur.ch\/site\/wp-content\/uploads\/2024\/07\/Koehlerfest_2024-3-705x529.jpg 705w\" sizes=\"(max-width: 2000px) 100vw, 2000px\" \/><\/div><\/li><\/ul><div class='avia-slideshow-arrows avia-slideshow-controls' ><a href='#prev' class='prev-slide  avia-svg-icon avia-font-svg_entypo-fontello' data-av_svg_icon='left-open-big' data-av_iconset='svg_entypo-fontello' tabindex='-1' title=\"Zur\u00fcck\"><svg version=\"1.1\" xmlns=\"http:\/\/www.w3.org\/2000\/svg\" width=\"15\" height=\"32\" viewBox=\"0 0 15 32\" preserveAspectRatio=\"xMidYMid meet\" aria-labelledby='av-svg-title-1' aria-describedby='av-svg-desc-1' role=\"graphics-symbol\" aria-hidden=\"true\">\n<title id='av-svg-title-1'>Zur\u00fcck<\/title>\n<desc id='av-svg-desc-1'>Zur\u00fcck<\/desc>\n<path d=\"M14.464 27.84q0.832 0.832 0 1.536-0.832 0.832-1.536 0l-12.544-12.608q-0.768-0.768 0-1.6l12.544-12.608q0.704-0.832 1.536 0 0.832 0.704 0 1.536l-11.456 11.904z\"><\/path>\n<\/svg><span class='avia_hidden_link_text'>Zur\u00fcck<\/span><\/a><a href='#next' class='next-slide  avia-svg-icon avia-font-svg_entypo-fontello' data-av_svg_icon='right-open-big' data-av_iconset='svg_entypo-fontello' tabindex='-1' title=\"Weiter\"><svg version=\"1.1\" xmlns=\"http:\/\/www.w3.org\/2000\/svg\" width=\"15\" height=\"32\" viewBox=\"0 0 15 32\" preserveAspectRatio=\"xMidYMid meet\" aria-labelledby='av-svg-title-2' aria-describedby='av-svg-desc-2' role=\"graphics-symbol\" aria-hidden=\"true\">\n<title id='av-svg-title-2'>Weiter<\/title>\n<desc id='av-svg-desc-2'>Weiter<\/desc>\n<path d=\"M0.416 27.84l11.456-11.84-11.456-11.904q-0.832-0.832 0-1.536 0.832-0.832 1.536 0l12.544 12.608q0.768 0.832 0 1.6l-12.544 12.608q-0.704 0.832-1.536 0-0.832-0.704 0-1.536z\"><\/path>\n<\/svg><span class='avia_hidden_link_text'>Weiter<\/span><\/a><\/div><div class='avia-slideshow-dots avia-slideshow-controls'><a href='#1' class='goto-slide active' >1<\/a><a href='#2' class='goto-slide ' >2<\/a><a href='#3' class='goto-slide ' >3<\/a><a href='#4' class='goto-slide ' >4<\/a><a href='#5' class='goto-slide ' >5<\/a><a href='#6' class='goto-slide ' >6<\/a><a href='#7' class='goto-slide ' >7<\/a><a href='#8' class='goto-slide ' >8<\/a><a href='#9' class='goto-slide ' >9<\/a><a href='#10' class='goto-slide ' >10<\/a><a href='#11' class='goto-slide ' >11<\/a><a href='#12' class='goto-slide ' >12<\/a><a href='#13' class='goto-slide ' >13<\/a><a href='#14' class='goto-slide ' >14<\/a><a href='#15' class='goto-slide ' >15<\/a><a href='#16' class='goto-slide ' >16<\/a><a href='#17' class='goto-slide ' >17<\/a><a href='#18' class='goto-slide ' >18<\/a><\/div><\/div><\/div>\n<style type=\"text\/css\" data-created_by=\"avia_inline_auto\" id=\"style-css-av-2pqbx3-7e85cc6d068c8a8576ed7ddfd0da84e8\">\n.flex_column.av-2pqbx3-7e85cc6d068c8a8576ed7ddfd0da84e8{\nborder-radius:0px 0px 0px 0px;\npadding:0px 0px 0px 0px;\n}\n<\/style>\n<div  class='flex_column av-2pqbx3-7e85cc6d068c8a8576ed7ddfd0da84e8 av_one_half  avia-builder-el-9  el_after_av_one_half  avia-builder-el-last  flex_column_div av-zero-column-padding  '     ><p>\n<style type=\"text\/css\" data-created_by=\"avia_inline_auto\" id=\"style-css-av-kmf9xgqp-27462815868483cdb7748dffad6c2c4f\">\n#top .av-special-heading.av-kmf9xgqp-27462815868483cdb7748dffad6c2c4f{\npadding-bottom:10px;\n}\nbody .av-special-heading.av-kmf9xgqp-27462815868483cdb7748dffad6c2c4f .av-special-heading-tag .heading-char{\nfont-size:25px;\n}\n.av-special-heading.av-kmf9xgqp-27462815868483cdb7748dffad6c2c4f .av-subheading{\nfont-size:15px;\n}\n<\/style>\n<div  class='av-special-heading av-kmf9xgqp-27462815868483cdb7748dffad6c2c4f av-special-heading-h1 blockquote modern-quote  avia-builder-el-10  el_before_av_textblock  avia-builder-el-first '><h1 class='av-special-heading-tag '  itemprop=\"headline\"  >K\u00f6hlerfest 2024<\/h1><div class=\"special-heading-border\"><div class=\"special-heading-inner-border\"><\/div><\/div><\/div><br \/>\n\n<style type=\"text\/css\" data-created_by=\"avia_inline_auto\" id=\"style-css-av-2xmr47-6499edd22903e331c4f56e12a74aca16\">\n.avia-fold-unfold-section.av-fold-textblock-av-2xmr47-6499edd22903e331c4f56e12a74aca16 .av-fold-unfold-container{\nmax-height:325px;\ntransition-duration:0.2s;\n}\n#top .avia-fold-unfold-section.av-fold-textblock-av-2xmr47-6499edd22903e331c4f56e12a74aca16 .av-fold-unfold-container:after{\ntransition-duration:0.2s;\n}\n.avia-fold-unfold-section.av-fold-textblock-av-2xmr47-6499edd22903e331c4f56e12a74aca16 .av-fold-unfold-container.folded::after{\nz-index:500;\n}\n<\/style>\n<section id=\"avia_sc_text_2\" class='av_textblock_section av-2xmr47-6499edd22903e331c4f56e12a74aca16 avia-fold-unfold-section avia-fold-textblock-wrap avia-fold-init av-fold-textblock-av-2xmr47-6499edd22903e331c4f56e12a74aca16 align-left' data-fold_unfold=\"{&quot;type&quot;:&quot;avia-fold-unfold-section&quot;,&quot;height&quot;:&quot;325&quot;,&quot;more&quot;:&quot;mehr&quot;,&quot;less&quot;:&quot;weniger&quot;,&quot;context&quot;:&quot;avia_sc_text&quot;}\"  itemscope=\"itemscope\" itemtype=\"https:\/\/schema.org\/CreativeWork\" ><div class=\"av-fold-unfold-container folded\"><\/div><div class='av-fold-button-wrapper av-textblock-btn-wrap '><a href=\"#\" class=\"av-fold-button-container \" data-ignore_hash=\"1\" data-no_scroll_in_viewport=\"1\" data-scroll_top_offset=\"50\">mehr<\/a><\/div><div class='avia_textblock'  itemprop=\"text\" ><p>Das K\u00f6hlerfest 2024 in der K\u00f6hlerei Andelbach feierte dieses Jahr das 20.\u00a0Jubil\u00e4um und fand wie geplant am 5.\u00a0Mai\u00a02024 statt.<\/p>\n<p>Wir vom Verein inbahn sind seit 2015 jedes Jahr mit unserer Feldesse am K\u00f6hlerfest pr\u00e4sent und schmieden mit Kindern N\u00e4gel mit K\u00f6pfen.<\/p>\n<p>Auch dieses Jahr war Petrus uns wohlgesinnt .<\/p>\n<p>Am Vormittag hatten wir noch Nieselregen, aber ab 11\u00a0Uhr war das Wetter trocken und sonnig, so dass wir ca. <strong>60\u00a0Kinder<\/strong> gl\u00fccklich machen konnten (J\u00fcngste war 3-j\u00e4hrig) und diese sind voller Stolz mit einem selbstgeschmiedeten Nagel nach Hause gegangen.<\/p>\n<p>Dank allen Beteiligten (Andreas f\u00fcr den Transport sowie Priska, Simon, Ren\u00e9, Bernhard, Ueli, Chantal und der Verfasser) konnte der Anlass reibungslos durchgef\u00fchrt werden.<\/p>\n<p>Unsere ganze Mannschaft wurde vom Verein K\u00f6hlerei Andelbach den ganzen Tag mit W\u00fcrsten und Getr\u00e4nken bestens versorgt. Wir als Verein inbahn waren und sind sehr dankbar, dass wir am K\u00f6hlerfest mit dabei sein d\u00fcrfen und freuen uns schon auf das n\u00e4chste Jahr.<\/p>\n<p>Noch einmal vielen Dank an alle Beteiligten, denn ohne Euch w\u00e4re ein Anlass wie dieser nicht durchf\u00fchrbar.<\/p>\n<p>Hermann Binder<\/p>\n<\/div><\/section><\/p><\/div>\n<\/p>\n<\/div><\/div><\/div><!-- close content main div --><\/div><\/div><div id='av_section_3'  class='avia-section av-cmk9mf-4c2ad136e4f9e73b0f25b7e5de52d930 main_color avia-section-default avia-no-shadow  avia-builder-el-12  el_after_av_section  el_before_av_section  avia-bg-style-scroll container_wrap fullsize'  ><div class='container av-section-cont-open' ><div class='template-page content  av-content-full alpha units'><div class='post-entry post-entry-type-page post-entry-1255'><div class='entry-content-wrapper clearfix'>\n\n<style type=\"text\/css\" data-created_by=\"avia_inline_auto\" id=\"style-css-av-aufgc7-4e3ea29eb47930aba4b8118a73bbcae8\">\n.flex_column.av-aufgc7-4e3ea29eb47930aba4b8118a73bbcae8{\nborder-radius:0px 0px 0px 0px;\npadding:0px 0px 0px 0px;\n}\n<\/style>\n<div  class='flex_column av-aufgc7-4e3ea29eb47930aba4b8118a73bbcae8 av_one_half  avia-builder-el-13  el_before_av_one_half  avia-builder-el-first  first flex_column_div av-zero-column-padding  '     ><div  class='avia-video av-8krfaf-aaded9f241bc2f7205349d5c8c431da8 avia-video-16-9 av-no-preview-image avia-video-load-always av-lazyload-immediate av-lazyload-video-embed'  itemprop=\"video\" itemtype=\"https:\/\/schema.org\/VideoObject\"  data-original_url='https:\/\/vimeo.com\/388367464'><script type='text\/html' class='av-video-tmpl'><div class='avia-iframe-wrap'><iframe loading=\"lazy\" title=\"Einfach Z\u00fcrich: Zwischen Nagelmaschinen und Klaviersaiten\" src=\"https:\/\/player.vimeo.com\/video\/388367464?dnt=1&amp;app_id=122963&autoplay=0&loop=0&controls=1&muted=0\" width=\"1500\" height=\"844\" frameborder=\"0\" allow=\"autoplay; fullscreen; picture-in-picture; clipboard-write; encrypted-media; web-share\" referrerpolicy=\"strict-origin-when-cross-origin\"><\/iframe><\/div><\/script><div class='av-click-to-play-overlay'><div class=\"avia_playpause_icon\"><\/div><\/div><\/div><\/div>\n<style type=\"text\/css\" data-created_by=\"avia_inline_auto\" id=\"style-css-av-7gs60n-fd24630b079930b5560af83ae09746a9\">\n.flex_column.av-7gs60n-fd24630b079930b5560af83ae09746a9{\nborder-radius:0px 0px 0px 0px;\npadding:0px 0px 0px 0px;\n}\n<\/style>\n<div  class='flex_column av-7gs60n-fd24630b079930b5560af83ae09746a9 av_one_half  avia-builder-el-15  el_after_av_one_half  avia-builder-el-last  flex_column_div av-zero-column-padding  '     ><p>\n<style type=\"text\/css\" data-created_by=\"avia_inline_auto\" id=\"style-css-av-611ljr-b3957baf2168cf8bd56be4ae3ea064f6\">\n#top .av-special-heading.av-611ljr-b3957baf2168cf8bd56be4ae3ea064f6{\npadding-bottom:10px;\n}\nbody .av-special-heading.av-611ljr-b3957baf2168cf8bd56be4ae3ea064f6 .av-special-heading-tag .heading-char{\nfont-size:25px;\n}\n.av-special-heading.av-611ljr-b3957baf2168cf8bd56be4ae3ea064f6 .av-subheading{\nfont-size:15px;\n}\n<\/style>\n<div  class='av-special-heading av-611ljr-b3957baf2168cf8bd56be4ae3ea064f6 av-special-heading-h1 blockquote modern-quote  avia-builder-el-16  el_before_av_textblock  avia-builder-el-first '><h1 class='av-special-heading-tag '  itemprop=\"headline\"  >Kukuruz Quartett<\/h1><div class=\"special-heading-border\"><div class=\"special-heading-inner-border\"><\/div><\/div><\/div><br \/>\n<section  class='av_textblock_section av-4viedz-8d904ea9de78bf776252b50026287994 '   itemscope=\"itemscope\" itemtype=\"https:\/\/schema.org\/CreativeWork\" ><div class='avia_textblock'  itemprop=\"text\" ><p><strong>Vier Klaviere in der Nagli<br \/>\n<\/strong><\/p>\n<p>In Kooperation mit <strong><a href=\"http:\/\/einfachzuerich.ch\">Einfach Z\u00fcrich<\/a> <\/strong>fand am 25. Januar 2020 in der Nagli ein Konzert des Kukuruz Quartetts statt.<\/p>\n<\/div><\/section><\/p><\/div>\n\n<\/div><\/div><\/div><!-- close content main div --><\/div><\/div><div id='av_section_4'  class='avia-section av-arzd1j-6-021c0691b926809f9711ce7641aa72d3 main_color avia-section-default avia-no-shadow  avia-builder-el-18  el_after_av_section  el_before_av_section  avia-bg-style-scroll container_wrap fullsize'  ><div class='container av-section-cont-open' ><div class='template-page content  av-content-full alpha units'><div class='post-entry post-entry-type-page post-entry-1255'><div class='entry-content-wrapper clearfix'>\n\n<style type=\"text\/css\" data-created_by=\"avia_inline_auto\" id=\"style-css-av-902oyv-cc66b6e710a8c11f8609c79942fd58b1\">\n.flex_column.av-902oyv-cc66b6e710a8c11f8609c79942fd58b1{\nborder-radius:0px 0px 0px 0px;\npadding:0px 0px 0px 0px;\n}\n<\/style>\n<div  class='flex_column av-902oyv-cc66b6e710a8c11f8609c79942fd58b1 av_one_half  avia-builder-el-19  el_before_av_one_half  avia-builder-el-first  first flex_column_div av-zero-column-padding  '     ><div  class='avia-video av-kmf9u5lx-3a44f860d2a728cb8277affe1b051344 avia-video-16-9 av-no-preview-image avia-video-load-always av-lazyload-immediate av-lazyload-video-embed'  itemprop=\"video\" itemtype=\"https:\/\/schema.org\/VideoObject\"  data-original_url='https:\/\/youtu.be\/NmFqp-UMN-I'><script type='text\/html' class='av-video-tmpl'><div class='avia-iframe-wrap'><iframe loading=\"lazy\" title=\"Yesterboys: &quot;A Hard Day&#039;s Night&quot;\" width=\"1500\" height=\"844\" src=\"https:\/\/www.youtube.com\/embed\/NmFqp-UMN-I?feature=oembed&autoplay=0&loop=0&controls=1&mute=0\" frameborder=\"0\" allow=\"accelerometer; autoplay; clipboard-write; encrypted-media; gyroscope; picture-in-picture; web-share\" referrerpolicy=\"strict-origin-when-cross-origin\" allowfullscreen><\/iframe><\/div><\/script><div class='av-click-to-play-overlay'><div class=\"avia_playpause_icon\"><\/div><\/div><\/div><\/div>\n<style type=\"text\/css\" data-created_by=\"avia_inline_auto\" id=\"style-css-av-6c8jpz-8993e78404a61cfd31da8a6f6c5016e5\">\n.flex_column.av-6c8jpz-8993e78404a61cfd31da8a6f6c5016e5{\nborder-radius:0px 0px 0px 0px;\npadding:0px 0px 0px 0px;\n}\n<\/style>\n<div  class='flex_column av-6c8jpz-8993e78404a61cfd31da8a6f6c5016e5 av_one_half  avia-builder-el-21  el_after_av_one_half  avia-builder-el-last  flex_column_div av-zero-column-padding  '     ><p>\n<style type=\"text\/css\" data-created_by=\"avia_inline_auto\" id=\"style-css-av-kmf9ufah-0b8d2f75af88a654c06486f5329909cc\">\n#top .av-special-heading.av-kmf9ufah-0b8d2f75af88a654c06486f5329909cc{\npadding-bottom:10px;\n}\nbody .av-special-heading.av-kmf9ufah-0b8d2f75af88a654c06486f5329909cc .av-special-heading-tag .heading-char{\nfont-size:25px;\n}\n.av-special-heading.av-kmf9ufah-0b8d2f75af88a654c06486f5329909cc .av-subheading{\nfont-size:15px;\n}\n<\/style>\n<div  class='av-special-heading av-kmf9ufah-0b8d2f75af88a654c06486f5329909cc av-special-heading-h1 blockquote modern-quote  avia-builder-el-22  el_before_av_textblock  avia-builder-el-first '><h1 class='av-special-heading-tag '  itemprop=\"headline\"  >Yesterboys<\/h1><div class=\"special-heading-border\"><div class=\"special-heading-inner-border\"><\/div><\/div><\/div><br \/>\n<section  class='av_textblock_section av-2xmr47-5-2960bebfc81a34cdc4c776299511a835 '   itemscope=\"itemscope\" itemtype=\"https:\/\/schema.org\/CreativeWork\" ><div class='avia_textblock'  itemprop=\"text\" ><p><strong>Drei Bl\u00e4ser in der Nagli<br \/>\n<\/strong><\/p>\n<p>Das Winterthurer Blechbl\u00e4sertrio \u00abYesterboys\u00bb hat in der Nagli ein Musikvideo zum Beatles-Song \u00abA Hard Day&#8217;s Night\u00bb gedreht.<\/p>\n<\/div><\/section><\/p><\/div>\n\n<\/div><\/div><\/div><!-- close content main div --><\/div><\/div><div id='av_section_5'  class='avia-section av-arzd1j-4-2cca307b3ec040c786a9966c64997497 main_color avia-section-default avia-no-shadow  avia-builder-el-24  el_after_av_section  el_before_av_slideshow  avia-bg-style-scroll container_wrap fullsize'  ><div class='container av-section-cont-open' ><div class='template-page content  av-content-full alpha units'><div class='post-entry post-entry-type-page post-entry-1255'><div class='entry-content-wrapper clearfix'>\n\n<style type=\"text\/css\" data-created_by=\"avia_inline_auto\" id=\"style-css-av-902oyv-3-d46496cfe34408a7a232b7008122575e\">\n.flex_column.av-902oyv-3-d46496cfe34408a7a232b7008122575e{\nborder-radius:0px 0px 0px 0px;\npadding:0px 0px 0px 0px;\n}\n<\/style>\n<div  class='flex_column av-902oyv-3-d46496cfe34408a7a232b7008122575e av_one_half  avia-builder-el-25  el_before_av_one_half  avia-builder-el-first  first flex_column_div av-zero-column-padding  '     ><style type=\"text\/css\" data-created_by=\"avia_inline_auto\" id=\"style-css-av-7kl4kn-a8611fead3d00feae3377bc1ad64c94b\">\n#top .avia-gallery.av-7kl4kn-a8611fead3d00feae3377bc1ad64c94b .avia-gallery-thumb a{\nwidth:25%;\n}\n<\/style>\n<div  class='avia-gallery av-7kl4kn-a8611fead3d00feae3377bc1ad64c94b avia_animate_when_visible  avia-builder-el-26  avia-builder-el-no-sibling  avia_lazyload av-slideshow-ui av-loop-manual-endless av-control-hidden av-navigate-arrows av-navigate-dots hover-effect av-control-hidden avia-gallery-animate avia-gallery-1'  itemprop=\"image\" itemscope=\"itemscope\" itemtype=\"https:\/\/schema.org\/ImageObject\" ><meta itemprop=\"contentURL\" content=\"https:\/\/industriekultur-winterthur.ch\/site\/verein\/anlaesse\/\"><div class='avia-gallery-big-wrapper'><a class='avia-gallery-big fakeLightbox lightbox avia-gallery-big-no-crop-thumb ' href=\"https:\/\/industriekultur-winterthur.ch\/site\/wp-content\/uploads\/2020\/03\/DSF4700-1030x687.jpg\" data-srcset=\"https:\/\/industriekultur-winterthur.ch\/site\/wp-content\/uploads\/2020\/03\/DSF4700-1030x687.jpg 1030w, https:\/\/industriekultur-winterthur.ch\/site\/wp-content\/uploads\/2020\/03\/DSF4700-300x200.jpg 300w, https:\/\/industriekultur-winterthur.ch\/site\/wp-content\/uploads\/2020\/03\/DSF4700-768x512.jpg 768w, https:\/\/industriekultur-winterthur.ch\/site\/wp-content\/uploads\/2020\/03\/DSF4700-1500x1000.jpg 1500w, https:\/\/industriekultur-winterthur.ch\/site\/wp-content\/uploads\/2020\/03\/DSF4700-705x470.jpg 705w, https:\/\/industriekultur-winterthur.ch\/site\/wp-content\/uploads\/2020\/03\/DSF4700-450x300.jpg 450w\" data-sizes=\"(max-width: 1030px) 100vw, 1030px\"  data-onclick='1' title='Kukuruz Quartett 2020 Bild: inbahn\/Heinz Diener' ><span class='avia-gallery-big-inner'  itemprop=\"thumbnailUrl\" ><img decoding=\"async\" fetchpriority=\"high\" class=\"wp-image-2198 avia-img-lazy-loading-not-2198\"  width=\"6240\" height=\"4160\" src=\"https:\/\/industriekultur-winterthur.ch\/site\/wp-content\/uploads\/2020\/03\/DSF4700.jpg\" title='_DSF4700' alt='' srcset=\"https:\/\/industriekultur-winterthur.ch\/site\/wp-content\/uploads\/2020\/03\/DSF4700.jpg 6240w, https:\/\/industriekultur-winterthur.ch\/site\/wp-content\/uploads\/2020\/03\/DSF4700-300x200.jpg 300w, https:\/\/industriekultur-winterthur.ch\/site\/wp-content\/uploads\/2020\/03\/DSF4700-768x512.jpg 768w, https:\/\/industriekultur-winterthur.ch\/site\/wp-content\/uploads\/2020\/03\/DSF4700-1030x687.jpg 1030w, https:\/\/industriekultur-winterthur.ch\/site\/wp-content\/uploads\/2020\/03\/DSF4700-1500x1000.jpg 1500w, https:\/\/industriekultur-winterthur.ch\/site\/wp-content\/uploads\/2020\/03\/DSF4700-705x470.jpg 705w, https:\/\/industriekultur-winterthur.ch\/site\/wp-content\/uploads\/2020\/03\/DSF4700-450x300.jpg 450w\" sizes=\"(max-width: 6240px) 100vw, 6240px\" \/><span class='avia-gallery-caption'>Kukuruz Quartett 2020 Bild: inbahn\/Heinz Diener<\/span><\/span><\/a><\/div><div class='avia-gallery-thumb'><a href=\"https:\/\/industriekultur-winterthur.ch\/site\/wp-content\/uploads\/2020\/03\/DSF4700-1030x687.jpg\" data-srcset=\"https:\/\/industriekultur-winterthur.ch\/site\/wp-content\/uploads\/2020\/03\/DSF4700-1030x687.jpg 1030w, https:\/\/industriekultur-winterthur.ch\/site\/wp-content\/uploads\/2020\/03\/DSF4700-300x200.jpg 300w, https:\/\/industriekultur-winterthur.ch\/site\/wp-content\/uploads\/2020\/03\/DSF4700-768x512.jpg 768w, https:\/\/industriekultur-winterthur.ch\/site\/wp-content\/uploads\/2020\/03\/DSF4700-1500x1000.jpg 1500w, https:\/\/industriekultur-winterthur.ch\/site\/wp-content\/uploads\/2020\/03\/DSF4700-705x470.jpg 705w, https:\/\/industriekultur-winterthur.ch\/site\/wp-content\/uploads\/2020\/03\/DSF4700-450x300.jpg 450w\" data-sizes=\"(max-width: 1030px) 100vw, 1030px\" data-rel='gallery-1' data-prev-img='https:\/\/industriekultur-winterthur.ch\/site\/wp-content\/uploads\/2020\/03\/DSF4700.jpg' class='first_thumb lightbox ' data-onclick='1' title='Kukuruz Quartett 2020 Bild: inbahn\/Heinz Diener'  itemprop=\"thumbnailUrl\"  ><img decoding=\"async\" fetchpriority=\"high\" class=\"wp-image-2198 avia-img-lazy-loading-not-2198\"  data-avia-tooltip='Kukuruz Quartett 2020 Bild: inbahn\/Heinz Diener' src=\"https:\/\/industriekultur-winterthur.ch\/site\/wp-content\/uploads\/2020\/03\/DSF4700-495x400.jpg\" width=\"495\" height=\"400\"  title='_DSF4700' alt='' srcset=\"https:\/\/industriekultur-winterthur.ch\/site\/wp-content\/uploads\/2020\/03\/DSF4700-495x400.jpg 495w, https:\/\/industriekultur-winterthur.ch\/site\/wp-content\/uploads\/2020\/03\/DSF4700-845x684.jpg 845w\" sizes=\"(max-width: 495px) 100vw, 495px\" \/><div class='big-prev-fake'><img decoding=\"async\" loading=\"lazy\" class=\"wp-image-2198 avia-img-lazy-loading-2198\"  width=\"6240\" height=\"4160\" src=\"https:\/\/industriekultur-winterthur.ch\/site\/wp-content\/uploads\/2020\/03\/DSF4700.jpg\" title='_DSF4700' alt='' srcset=\"https:\/\/industriekultur-winterthur.ch\/site\/wp-content\/uploads\/2020\/03\/DSF4700.jpg 6240w, https:\/\/industriekultur-winterthur.ch\/site\/wp-content\/uploads\/2020\/03\/DSF4700-300x200.jpg 300w, https:\/\/industriekultur-winterthur.ch\/site\/wp-content\/uploads\/2020\/03\/DSF4700-768x512.jpg 768w, https:\/\/industriekultur-winterthur.ch\/site\/wp-content\/uploads\/2020\/03\/DSF4700-1030x687.jpg 1030w, https:\/\/industriekultur-winterthur.ch\/site\/wp-content\/uploads\/2020\/03\/DSF4700-1500x1000.jpg 1500w, https:\/\/industriekultur-winterthur.ch\/site\/wp-content\/uploads\/2020\/03\/DSF4700-705x470.jpg 705w, https:\/\/industriekultur-winterthur.ch\/site\/wp-content\/uploads\/2020\/03\/DSF4700-450x300.jpg 450w\" sizes=\"auto, (max-width: 6240px) 100vw, 6240px\" \/><\/div><\/a><a href=\"https:\/\/industriekultur-winterthur.ch\/site\/wp-content\/uploads\/2020\/03\/Kukuruz-klein-1030x773.jpg\" data-srcset=\"https:\/\/industriekultur-winterthur.ch\/site\/wp-content\/uploads\/2020\/03\/Kukuruz-klein-1030x773.jpg 1030w, https:\/\/industriekultur-winterthur.ch\/site\/wp-content\/uploads\/2020\/03\/Kukuruz-klein-300x225.jpg 300w, https:\/\/industriekultur-winterthur.ch\/site\/wp-content\/uploads\/2020\/03\/Kukuruz-klein-768x576.jpg 768w, https:\/\/industriekultur-winterthur.ch\/site\/wp-content\/uploads\/2020\/03\/Kukuruz-klein-1500x1125.jpg 1500w, https:\/\/industriekultur-winterthur.ch\/site\/wp-content\/uploads\/2020\/03\/Kukuruz-klein-705x529.jpg 705w, https:\/\/industriekultur-winterthur.ch\/site\/wp-content\/uploads\/2020\/03\/Kukuruz-klein-450x338.jpg 450w, https:\/\/industriekultur-winterthur.ch\/site\/wp-content\/uploads\/2020\/03\/Kukuruz-klein.jpg 2000w\" data-sizes=\"(max-width: 1030px) 100vw, 1030px\" data-rel='gallery-1' data-prev-img='https:\/\/industriekultur-winterthur.ch\/site\/wp-content\/uploads\/2020\/03\/Kukuruz-klein.jpg' class='lightbox ' data-onclick='2' title='Kukuruz Quartett 2020 Bild: inbahn\/Heinz Diener'  itemprop=\"thumbnailUrl\"  ><img decoding=\"async\" fetchpriority=\"high\" class=\"wp-image-2235 avia-img-lazy-loading-not-2235\"  data-avia-tooltip='Kukuruz Quartett 2020 Bild: inbahn\/Heinz Diener' src=\"https:\/\/industriekultur-winterthur.ch\/site\/wp-content\/uploads\/2020\/03\/Kukuruz-klein-495x400.jpg\" width=\"495\" height=\"400\"  title='Kukuruz klein' alt='' srcset=\"https:\/\/industriekultur-winterthur.ch\/site\/wp-content\/uploads\/2020\/03\/Kukuruz-klein-495x400.jpg 495w, https:\/\/industriekultur-winterthur.ch\/site\/wp-content\/uploads\/2020\/03\/Kukuruz-klein-845x684.jpg 845w\" sizes=\"(max-width: 495px) 100vw, 495px\" \/><div class='big-prev-fake'><img decoding=\"async\" loading=\"lazy\" class=\"wp-image-2235 avia-img-lazy-loading-2235\"  width=\"2000\" height=\"1500\" src=\"https:\/\/industriekultur-winterthur.ch\/site\/wp-content\/uploads\/2020\/03\/Kukuruz-klein.jpg\" title='Kukuruz klein' alt='' srcset=\"https:\/\/industriekultur-winterthur.ch\/site\/wp-content\/uploads\/2020\/03\/Kukuruz-klein.jpg 2000w, https:\/\/industriekultur-winterthur.ch\/site\/wp-content\/uploads\/2020\/03\/Kukuruz-klein-300x225.jpg 300w, https:\/\/industriekultur-winterthur.ch\/site\/wp-content\/uploads\/2020\/03\/Kukuruz-klein-768x576.jpg 768w, https:\/\/industriekultur-winterthur.ch\/site\/wp-content\/uploads\/2020\/03\/Kukuruz-klein-1030x773.jpg 1030w, https:\/\/industriekultur-winterthur.ch\/site\/wp-content\/uploads\/2020\/03\/Kukuruz-klein-1500x1125.jpg 1500w, https:\/\/industriekultur-winterthur.ch\/site\/wp-content\/uploads\/2020\/03\/Kukuruz-klein-705x529.jpg 705w, https:\/\/industriekultur-winterthur.ch\/site\/wp-content\/uploads\/2020\/03\/Kukuruz-klein-450x338.jpg 450w\" sizes=\"auto, (max-width: 2000px) 100vw, 2000px\" \/><\/div><\/a><a href=\"https:\/\/industriekultur-winterthur.ch\/site\/wp-content\/uploads\/2020\/03\/Einweihung-M3-Stadtpr\u00e4sident-klein-1030x773.jpg\" data-srcset=\"https:\/\/industriekultur-winterthur.ch\/site\/wp-content\/uploads\/2020\/03\/Einweihung-M3-Stadtpr\u00e4sident-klein-1030x773.jpg 1030w, https:\/\/industriekultur-winterthur.ch\/site\/wp-content\/uploads\/2020\/03\/Einweihung-M3-Stadtpr\u00e4sident-klein-300x225.jpg 300w, https:\/\/industriekultur-winterthur.ch\/site\/wp-content\/uploads\/2020\/03\/Einweihung-M3-Stadtpr\u00e4sident-klein-768x576.jpg 768w, https:\/\/industriekultur-winterthur.ch\/site\/wp-content\/uploads\/2020\/03\/Einweihung-M3-Stadtpr\u00e4sident-klein-1500x1125.jpg 1500w, https:\/\/industriekultur-winterthur.ch\/site\/wp-content\/uploads\/2020\/03\/Einweihung-M3-Stadtpr\u00e4sident-klein-705x529.jpg 705w, https:\/\/industriekultur-winterthur.ch\/site\/wp-content\/uploads\/2020\/03\/Einweihung-M3-Stadtpr\u00e4sident-klein-450x338.jpg 450w, https:\/\/industriekultur-winterthur.ch\/site\/wp-content\/uploads\/2020\/03\/Einweihung-M3-Stadtpr\u00e4sident-klein.jpg 2000w\" data-sizes=\"(max-width: 1030px) 100vw, 1030px\" data-rel='gallery-1' data-prev-img='https:\/\/industriekultur-winterthur.ch\/site\/wp-content\/uploads\/2020\/03\/Einweihung-M3-Stadtpr\u00e4sident-klein.jpg' class='lightbox ' data-onclick='3' title='Stadtpr\u00e4sident Mike K\u00fcnzle in der Nagli\nBild: inbahn\/Heinz Diener'  itemprop=\"thumbnailUrl\"  ><img decoding=\"async\" fetchpriority=\"high\" class=\"wp-image-2250 avia-img-lazy-loading-not-2250\"  data-avia-tooltip='Stadtpr\u00e4sident Mike K\u00fcnzle in der Nagli\nBild: inbahn\/Heinz Diener' src=\"https:\/\/industriekultur-winterthur.ch\/site\/wp-content\/uploads\/2020\/03\/Einweihung-M3-Stadtpr\u00e4sident-klein-495x400.jpg\" width=\"495\" height=\"400\"  title='Einweihung M3 Stadtpr\u00e4sident klein' alt='' srcset=\"https:\/\/industriekultur-winterthur.ch\/site\/wp-content\/uploads\/2020\/03\/Einweihung-M3-Stadtpr\u00e4sident-klein-495x400.jpg 495w, https:\/\/industriekultur-winterthur.ch\/site\/wp-content\/uploads\/2020\/03\/Einweihung-M3-Stadtpr\u00e4sident-klein-845x684.jpg 845w\" sizes=\"(max-width: 495px) 100vw, 495px\" \/><div class='big-prev-fake'><img decoding=\"async\" loading=\"lazy\" class=\"wp-image-2250 avia-img-lazy-loading-2250\"  width=\"2000\" height=\"1500\" src=\"https:\/\/industriekultur-winterthur.ch\/site\/wp-content\/uploads\/2020\/03\/Einweihung-M3-Stadtpr\u00e4sident-klein.jpg\" title='Einweihung M3 Stadtpr\u00e4sident klein' alt='' srcset=\"https:\/\/industriekultur-winterthur.ch\/site\/wp-content\/uploads\/2020\/03\/Einweihung-M3-Stadtpr\u00e4sident-klein.jpg 2000w, https:\/\/industriekultur-winterthur.ch\/site\/wp-content\/uploads\/2020\/03\/Einweihung-M3-Stadtpr\u00e4sident-klein-300x225.jpg 300w, https:\/\/industriekultur-winterthur.ch\/site\/wp-content\/uploads\/2020\/03\/Einweihung-M3-Stadtpr\u00e4sident-klein-768x576.jpg 768w, https:\/\/industriekultur-winterthur.ch\/site\/wp-content\/uploads\/2020\/03\/Einweihung-M3-Stadtpr\u00e4sident-klein-1030x773.jpg 1030w, https:\/\/industriekultur-winterthur.ch\/site\/wp-content\/uploads\/2020\/03\/Einweihung-M3-Stadtpr\u00e4sident-klein-1500x1125.jpg 1500w, https:\/\/industriekultur-winterthur.ch\/site\/wp-content\/uploads\/2020\/03\/Einweihung-M3-Stadtpr\u00e4sident-klein-705x529.jpg 705w, https:\/\/industriekultur-winterthur.ch\/site\/wp-content\/uploads\/2020\/03\/Einweihung-M3-Stadtpr\u00e4sident-klein-450x338.jpg 450w\" sizes=\"auto, (max-width: 2000px) 100vw, 2000px\" \/><\/div><\/a><a href=\"https:\/\/industriekultur-winterthur.ch\/site\/wp-content\/uploads\/2020\/03\/Einweihung-M3-Pr\u00e4sident-klein-1030x773.jpg\" data-srcset=\"https:\/\/industriekultur-winterthur.ch\/site\/wp-content\/uploads\/2020\/03\/Einweihung-M3-Pr\u00e4sident-klein-1030x773.jpg 1030w, https:\/\/industriekultur-winterthur.ch\/site\/wp-content\/uploads\/2020\/03\/Einweihung-M3-Pr\u00e4sident-klein-300x225.jpg 300w, https:\/\/industriekultur-winterthur.ch\/site\/wp-content\/uploads\/2020\/03\/Einweihung-M3-Pr\u00e4sident-klein-768x576.jpg 768w, https:\/\/industriekultur-winterthur.ch\/site\/wp-content\/uploads\/2020\/03\/Einweihung-M3-Pr\u00e4sident-klein-1500x1125.jpg 1500w, https:\/\/industriekultur-winterthur.ch\/site\/wp-content\/uploads\/2020\/03\/Einweihung-M3-Pr\u00e4sident-klein-705x529.jpg 705w, https:\/\/industriekultur-winterthur.ch\/site\/wp-content\/uploads\/2020\/03\/Einweihung-M3-Pr\u00e4sident-klein-450x338.jpg 450w, https:\/\/industriekultur-winterthur.ch\/site\/wp-content\/uploads\/2020\/03\/Einweihung-M3-Pr\u00e4sident-klein.jpg 2000w\" data-sizes=\"(max-width: 1030px) 100vw, 1030px\" data-rel='gallery-1' data-prev-img='https:\/\/industriekultur-winterthur.ch\/site\/wp-content\/uploads\/2020\/03\/Einweihung-M3-Pr\u00e4sident-klein.jpg' class='lightbox ' data-onclick='4' title='Einweihung der M3  \nBild: inbahn\/Heinz Diener'  itemprop=\"thumbnailUrl\"  ><img decoding=\"async\" fetchpriority=\"high\" class=\"wp-image-2249 avia-img-lazy-loading-not-2249\"  data-avia-tooltip='Einweihung der M3  \nBild: inbahn\/Heinz Diener' src=\"https:\/\/industriekultur-winterthur.ch\/site\/wp-content\/uploads\/2020\/03\/Einweihung-M3-Pr\u00e4sident-klein-495x400.jpg\" width=\"495\" height=\"400\"  title='Einweihung M3 Pr\u00e4sident klein' alt='' srcset=\"https:\/\/industriekultur-winterthur.ch\/site\/wp-content\/uploads\/2020\/03\/Einweihung-M3-Pr\u00e4sident-klein-495x400.jpg 495w, https:\/\/industriekultur-winterthur.ch\/site\/wp-content\/uploads\/2020\/03\/Einweihung-M3-Pr\u00e4sident-klein-845x684.jpg 845w\" sizes=\"(max-width: 495px) 100vw, 495px\" \/><div class='big-prev-fake'><img decoding=\"async\" loading=\"lazy\" class=\"wp-image-2249 avia-img-lazy-loading-2249\"  width=\"2000\" height=\"1500\" src=\"https:\/\/industriekultur-winterthur.ch\/site\/wp-content\/uploads\/2020\/03\/Einweihung-M3-Pr\u00e4sident-klein.jpg\" title='Einweihung M3 Pr\u00e4sident klein' alt='' srcset=\"https:\/\/industriekultur-winterthur.ch\/site\/wp-content\/uploads\/2020\/03\/Einweihung-M3-Pr\u00e4sident-klein.jpg 2000w, https:\/\/industriekultur-winterthur.ch\/site\/wp-content\/uploads\/2020\/03\/Einweihung-M3-Pr\u00e4sident-klein-300x225.jpg 300w, https:\/\/industriekultur-winterthur.ch\/site\/wp-content\/uploads\/2020\/03\/Einweihung-M3-Pr\u00e4sident-klein-768x576.jpg 768w, https:\/\/industriekultur-winterthur.ch\/site\/wp-content\/uploads\/2020\/03\/Einweihung-M3-Pr\u00e4sident-klein-1030x773.jpg 1030w, https:\/\/industriekultur-winterthur.ch\/site\/wp-content\/uploads\/2020\/03\/Einweihung-M3-Pr\u00e4sident-klein-1500x1125.jpg 1500w, https:\/\/industriekultur-winterthur.ch\/site\/wp-content\/uploads\/2020\/03\/Einweihung-M3-Pr\u00e4sident-klein-705x529.jpg 705w, https:\/\/industriekultur-winterthur.ch\/site\/wp-content\/uploads\/2020\/03\/Einweihung-M3-Pr\u00e4sident-klein-450x338.jpg 450w\" sizes=\"auto, (max-width: 2000px) 100vw, 2000px\" \/><\/div><\/a><a href=\"https:\/\/industriekultur-winterthur.ch\/site\/wp-content\/uploads\/2020\/03\/Einweihung-M3-klein-1030x773.jpg\" data-srcset=\"https:\/\/industriekultur-winterthur.ch\/site\/wp-content\/uploads\/2020\/03\/Einweihung-M3-klein-1030x773.jpg 1030w, https:\/\/industriekultur-winterthur.ch\/site\/wp-content\/uploads\/2020\/03\/Einweihung-M3-klein-300x225.jpg 300w, https:\/\/industriekultur-winterthur.ch\/site\/wp-content\/uploads\/2020\/03\/Einweihung-M3-klein-768x576.jpg 768w, https:\/\/industriekultur-winterthur.ch\/site\/wp-content\/uploads\/2020\/03\/Einweihung-M3-klein-1500x1125.jpg 1500w, https:\/\/industriekultur-winterthur.ch\/site\/wp-content\/uploads\/2020\/03\/Einweihung-M3-klein-705x529.jpg 705w, https:\/\/industriekultur-winterthur.ch\/site\/wp-content\/uploads\/2020\/03\/Einweihung-M3-klein-450x338.jpg 450w, https:\/\/industriekultur-winterthur.ch\/site\/wp-content\/uploads\/2020\/03\/Einweihung-M3-klein.jpg 2000w\" data-sizes=\"(max-width: 1030px) 100vw, 1030px\" data-rel='gallery-1' data-prev-img='https:\/\/industriekultur-winterthur.ch\/site\/wp-content\/uploads\/2020\/03\/Einweihung-M3-klein.jpg' class='first_thumb lightbox ' data-onclick='5' title='Einweihung der M3  \nBild: inbahn\/Heinz Diener'  itemprop=\"thumbnailUrl\"  ><img decoding=\"async\" fetchpriority=\"high\" class=\"wp-image-2248 avia-img-lazy-loading-not-2248\"  data-avia-tooltip='Einweihung der M3  \nBild: inbahn\/Heinz Diener' src=\"https:\/\/industriekultur-winterthur.ch\/site\/wp-content\/uploads\/2020\/03\/Einweihung-M3-klein-495x400.jpg\" width=\"495\" height=\"400\"  title='Einweihung M3 klein' alt='' srcset=\"https:\/\/industriekultur-winterthur.ch\/site\/wp-content\/uploads\/2020\/03\/Einweihung-M3-klein-495x400.jpg 495w, https:\/\/industriekultur-winterthur.ch\/site\/wp-content\/uploads\/2020\/03\/Einweihung-M3-klein-845x684.jpg 845w\" sizes=\"(max-width: 495px) 100vw, 495px\" \/><div class='big-prev-fake'><img decoding=\"async\" loading=\"lazy\" class=\"wp-image-2248 avia-img-lazy-loading-2248\"  width=\"2000\" height=\"1500\" src=\"https:\/\/industriekultur-winterthur.ch\/site\/wp-content\/uploads\/2020\/03\/Einweihung-M3-klein.jpg\" title='Einweihung M3 klein' alt='' srcset=\"https:\/\/industriekultur-winterthur.ch\/site\/wp-content\/uploads\/2020\/03\/Einweihung-M3-klein.jpg 2000w, https:\/\/industriekultur-winterthur.ch\/site\/wp-content\/uploads\/2020\/03\/Einweihung-M3-klein-300x225.jpg 300w, https:\/\/industriekultur-winterthur.ch\/site\/wp-content\/uploads\/2020\/03\/Einweihung-M3-klein-768x576.jpg 768w, https:\/\/industriekultur-winterthur.ch\/site\/wp-content\/uploads\/2020\/03\/Einweihung-M3-klein-1030x773.jpg 1030w, https:\/\/industriekultur-winterthur.ch\/site\/wp-content\/uploads\/2020\/03\/Einweihung-M3-klein-1500x1125.jpg 1500w, https:\/\/industriekultur-winterthur.ch\/site\/wp-content\/uploads\/2020\/03\/Einweihung-M3-klein-705x529.jpg 705w, https:\/\/industriekultur-winterthur.ch\/site\/wp-content\/uploads\/2020\/03\/Einweihung-M3-klein-450x338.jpg 450w\" sizes=\"auto, (max-width: 2000px) 100vw, 2000px\" \/><\/div><\/a><a href=\"https:\/\/industriekultur-winterthur.ch\/site\/wp-content\/uploads\/2018\/05\/Nagli_Guide1_bereit-1030x773.jpg\" data-srcset=\"https:\/\/industriekultur-winterthur.ch\/site\/wp-content\/uploads\/2018\/05\/Nagli_Guide1_bereit-1030x773.jpg 1030w, https:\/\/industriekultur-winterthur.ch\/site\/wp-content\/uploads\/2018\/05\/Nagli_Guide1_bereit-300x225.jpg 300w, https:\/\/industriekultur-winterthur.ch\/site\/wp-content\/uploads\/2018\/05\/Nagli_Guide1_bereit-768x576.jpg 768w, https:\/\/industriekultur-winterthur.ch\/site\/wp-content\/uploads\/2018\/05\/Nagli_Guide1_bereit-1500x1125.jpg 1500w, https:\/\/industriekultur-winterthur.ch\/site\/wp-content\/uploads\/2018\/05\/Nagli_Guide1_bereit-705x529.jpg 705w, https:\/\/industriekultur-winterthur.ch\/site\/wp-content\/uploads\/2018\/05\/Nagli_Guide1_bereit-450x338.jpg 450w, https:\/\/industriekultur-winterthur.ch\/site\/wp-content\/uploads\/2018\/05\/Nagli_Guide1_bereit.jpg 2000w\" data-sizes=\"(max-width: 1030px) 100vw, 1030px\" data-rel='gallery-1' data-prev-img='https:\/\/industriekultur-winterthur.ch\/site\/wp-content\/uploads\/2018\/05\/Nagli_Guide1_bereit.jpg' class='lightbox ' data-onclick='6' title='Guide in der Nagli'  itemprop=\"thumbnailUrl\"  ><img decoding=\"async\" fetchpriority=\"high\" class=\"wp-image-1633 avia-img-lazy-loading-not-1633\"  data-avia-tooltip='Guide in der Nagli' src=\"https:\/\/industriekultur-winterthur.ch\/site\/wp-content\/uploads\/2018\/05\/Nagli_Guide1_bereit-495x400.jpg\" width=\"495\" height=\"400\"  title='Nagelfabrik (rs)' alt='' srcset=\"https:\/\/industriekultur-winterthur.ch\/site\/wp-content\/uploads\/2018\/05\/Nagli_Guide1_bereit-495x400.jpg 495w, https:\/\/industriekultur-winterthur.ch\/site\/wp-content\/uploads\/2018\/05\/Nagli_Guide1_bereit-845x684.jpg 845w\" sizes=\"(max-width: 495px) 100vw, 495px\" \/><div class='big-prev-fake'><img decoding=\"async\" loading=\"lazy\" class=\"wp-image-1633 avia-img-lazy-loading-1633\"  width=\"2000\" height=\"1500\" src=\"https:\/\/industriekultur-winterthur.ch\/site\/wp-content\/uploads\/2018\/05\/Nagli_Guide1_bereit.jpg\" title='Nagelfabrik (rs)' alt='' srcset=\"https:\/\/industriekultur-winterthur.ch\/site\/wp-content\/uploads\/2018\/05\/Nagli_Guide1_bereit.jpg 2000w, https:\/\/industriekultur-winterthur.ch\/site\/wp-content\/uploads\/2018\/05\/Nagli_Guide1_bereit-300x225.jpg 300w, https:\/\/industriekultur-winterthur.ch\/site\/wp-content\/uploads\/2018\/05\/Nagli_Guide1_bereit-768x576.jpg 768w, https:\/\/industriekultur-winterthur.ch\/site\/wp-content\/uploads\/2018\/05\/Nagli_Guide1_bereit-1030x773.jpg 1030w, https:\/\/industriekultur-winterthur.ch\/site\/wp-content\/uploads\/2018\/05\/Nagli_Guide1_bereit-1500x1125.jpg 1500w, https:\/\/industriekultur-winterthur.ch\/site\/wp-content\/uploads\/2018\/05\/Nagli_Guide1_bereit-705x529.jpg 705w, https:\/\/industriekultur-winterthur.ch\/site\/wp-content\/uploads\/2018\/05\/Nagli_Guide1_bereit-450x338.jpg 450w\" sizes=\"auto, (max-width: 2000px) 100vw, 2000px\" \/><\/div><\/a><a href=\"https:\/\/industriekultur-winterthur.ch\/site\/wp-content\/uploads\/2018\/05\/Nagli-Buffet-38_bereit-1030x773.jpg\" data-srcset=\"https:\/\/industriekultur-winterthur.ch\/site\/wp-content\/uploads\/2018\/05\/Nagli-Buffet-38_bereit-1030x773.jpg 1030w, https:\/\/industriekultur-winterthur.ch\/site\/wp-content\/uploads\/2018\/05\/Nagli-Buffet-38_bereit-300x225.jpg 300w, https:\/\/industriekultur-winterthur.ch\/site\/wp-content\/uploads\/2018\/05\/Nagli-Buffet-38_bereit-768x576.jpg 768w, https:\/\/industriekultur-winterthur.ch\/site\/wp-content\/uploads\/2018\/05\/Nagli-Buffet-38_bereit-1500x1125.jpg 1500w, https:\/\/industriekultur-winterthur.ch\/site\/wp-content\/uploads\/2018\/05\/Nagli-Buffet-38_bereit-705x529.jpg 705w, https:\/\/industriekultur-winterthur.ch\/site\/wp-content\/uploads\/2018\/05\/Nagli-Buffet-38_bereit-450x338.jpg 450w, https:\/\/industriekultur-winterthur.ch\/site\/wp-content\/uploads\/2018\/05\/Nagli-Buffet-38_bereit.jpg 2000w\" data-sizes=\"(max-width: 1030px) 100vw, 1030px\" data-rel='gallery-1' data-prev-img='https:\/\/industriekultur-winterthur.ch\/site\/wp-content\/uploads\/2018\/05\/Nagli-Buffet-38_bereit.jpg' class='lightbox ' data-onclick='7' title='Spedition Nagli'  itemprop=\"thumbnailUrl\"  ><img decoding=\"async\" fetchpriority=\"high\" class=\"wp-image-1677 avia-img-lazy-loading-not-1677\"  data-avia-tooltip='Spedition Nagli' src=\"https:\/\/industriekultur-winterthur.ch\/site\/wp-content\/uploads\/2018\/05\/Nagli-Buffet-38_bereit-495x400.jpg\" width=\"495\" height=\"400\"  title='Nagelfabrik (dp)' alt='' srcset=\"https:\/\/industriekultur-winterthur.ch\/site\/wp-content\/uploads\/2018\/05\/Nagli-Buffet-38_bereit-495x400.jpg 495w, https:\/\/industriekultur-winterthur.ch\/site\/wp-content\/uploads\/2018\/05\/Nagli-Buffet-38_bereit-845x684.jpg 845w\" sizes=\"(max-width: 495px) 100vw, 495px\" \/><div class='big-prev-fake'><img decoding=\"async\" loading=\"lazy\" class=\"wp-image-1677 avia-img-lazy-loading-1677\"  width=\"2000\" height=\"1500\" src=\"https:\/\/industriekultur-winterthur.ch\/site\/wp-content\/uploads\/2018\/05\/Nagli-Buffet-38_bereit.jpg\" title='Nagelfabrik (dp)' alt='' srcset=\"https:\/\/industriekultur-winterthur.ch\/site\/wp-content\/uploads\/2018\/05\/Nagli-Buffet-38_bereit.jpg 2000w, https:\/\/industriekultur-winterthur.ch\/site\/wp-content\/uploads\/2018\/05\/Nagli-Buffet-38_bereit-300x225.jpg 300w, https:\/\/industriekultur-winterthur.ch\/site\/wp-content\/uploads\/2018\/05\/Nagli-Buffet-38_bereit-768x576.jpg 768w, https:\/\/industriekultur-winterthur.ch\/site\/wp-content\/uploads\/2018\/05\/Nagli-Buffet-38_bereit-1030x773.jpg 1030w, https:\/\/industriekultur-winterthur.ch\/site\/wp-content\/uploads\/2018\/05\/Nagli-Buffet-38_bereit-1500x1125.jpg 1500w, https:\/\/industriekultur-winterthur.ch\/site\/wp-content\/uploads\/2018\/05\/Nagli-Buffet-38_bereit-705x529.jpg 705w, https:\/\/industriekultur-winterthur.ch\/site\/wp-content\/uploads\/2018\/05\/Nagli-Buffet-38_bereit-450x338.jpg 450w\" sizes=\"auto, (max-width: 2000px) 100vw, 2000px\" \/><\/div><\/a><a href=\"https:\/\/industriekultur-winterthur.ch\/site\/wp-content\/uploads\/2018\/05\/nagli_innen_bereit-1030x773.jpg\" data-srcset=\"https:\/\/industriekultur-winterthur.ch\/site\/wp-content\/uploads\/2018\/05\/nagli_innen_bereit-1030x773.jpg 1030w, https:\/\/industriekultur-winterthur.ch\/site\/wp-content\/uploads\/2018\/05\/nagli_innen_bereit-300x225.jpg 300w, https:\/\/industriekultur-winterthur.ch\/site\/wp-content\/uploads\/2018\/05\/nagli_innen_bereit-768x576.jpg 768w, https:\/\/industriekultur-winterthur.ch\/site\/wp-content\/uploads\/2018\/05\/nagli_innen_bereit-1500x1125.jpg 1500w, https:\/\/industriekultur-winterthur.ch\/site\/wp-content\/uploads\/2018\/05\/nagli_innen_bereit-705x529.jpg 705w, https:\/\/industriekultur-winterthur.ch\/site\/wp-content\/uploads\/2018\/05\/nagli_innen_bereit-450x338.jpg 450w, https:\/\/industriekultur-winterthur.ch\/site\/wp-content\/uploads\/2018\/05\/nagli_innen_bereit.jpg 2000w\" data-sizes=\"(max-width: 1030px) 100vw, 1030px\" data-rel='gallery-1' data-prev-img='https:\/\/industriekultur-winterthur.ch\/site\/wp-content\/uploads\/2018\/05\/nagli_innen_bereit.jpg' class='lightbox ' data-onclick='8' title='ehemalige Spedition Nagli'  itemprop=\"thumbnailUrl\"  ><img decoding=\"async\" fetchpriority=\"high\" class=\"wp-image-1678 avia-img-lazy-loading-not-1678\"  data-avia-tooltip='ehemalige Spedition Nagli' src=\"https:\/\/industriekultur-winterthur.ch\/site\/wp-content\/uploads\/2018\/05\/nagli_innen_bereit-495x400.jpg\" width=\"495\" height=\"400\"  title='Nagelfabrik (hg)' alt='' srcset=\"https:\/\/industriekultur-winterthur.ch\/site\/wp-content\/uploads\/2018\/05\/nagli_innen_bereit-495x400.jpg 495w, https:\/\/industriekultur-winterthur.ch\/site\/wp-content\/uploads\/2018\/05\/nagli_innen_bereit-845x684.jpg 845w\" sizes=\"(max-width: 495px) 100vw, 495px\" \/><div class='big-prev-fake'><img decoding=\"async\" loading=\"lazy\" class=\"wp-image-1678 avia-img-lazy-loading-1678\"  width=\"2000\" height=\"1500\" src=\"https:\/\/industriekultur-winterthur.ch\/site\/wp-content\/uploads\/2018\/05\/nagli_innen_bereit.jpg\" title='Nagelfabrik (hg)' alt='' srcset=\"https:\/\/industriekultur-winterthur.ch\/site\/wp-content\/uploads\/2018\/05\/nagli_innen_bereit.jpg 2000w, https:\/\/industriekultur-winterthur.ch\/site\/wp-content\/uploads\/2018\/05\/nagli_innen_bereit-300x225.jpg 300w, https:\/\/industriekultur-winterthur.ch\/site\/wp-content\/uploads\/2018\/05\/nagli_innen_bereit-768x576.jpg 768w, https:\/\/industriekultur-winterthur.ch\/site\/wp-content\/uploads\/2018\/05\/nagli_innen_bereit-1030x773.jpg 1030w, https:\/\/industriekultur-winterthur.ch\/site\/wp-content\/uploads\/2018\/05\/nagli_innen_bereit-1500x1125.jpg 1500w, https:\/\/industriekultur-winterthur.ch\/site\/wp-content\/uploads\/2018\/05\/nagli_innen_bereit-705x529.jpg 705w, https:\/\/industriekultur-winterthur.ch\/site\/wp-content\/uploads\/2018\/05\/nagli_innen_bereit-450x338.jpg 450w\" sizes=\"auto, (max-width: 2000px) 100vw, 2000px\" \/><\/div><\/a><a href=\"https:\/\/industriekultur-winterthur.ch\/site\/wp-content\/uploads\/2018\/05\/Nagli_Schmied1_bereit-1030x773.jpg\" data-srcset=\"https:\/\/industriekultur-winterthur.ch\/site\/wp-content\/uploads\/2018\/05\/Nagli_Schmied1_bereit-1030x773.jpg 1030w, https:\/\/industriekultur-winterthur.ch\/site\/wp-content\/uploads\/2018\/05\/Nagli_Schmied1_bereit-300x225.jpg 300w, https:\/\/industriekultur-winterthur.ch\/site\/wp-content\/uploads\/2018\/05\/Nagli_Schmied1_bereit-768x576.jpg 768w, https:\/\/industriekultur-winterthur.ch\/site\/wp-content\/uploads\/2018\/05\/Nagli_Schmied1_bereit-1500x1125.jpg 1500w, https:\/\/industriekultur-winterthur.ch\/site\/wp-content\/uploads\/2018\/05\/Nagli_Schmied1_bereit-705x529.jpg 705w, https:\/\/industriekultur-winterthur.ch\/site\/wp-content\/uploads\/2018\/05\/Nagli_Schmied1_bereit-450x338.jpg 450w, https:\/\/industriekultur-winterthur.ch\/site\/wp-content\/uploads\/2018\/05\/Nagli_Schmied1_bereit.jpg 2000w\" data-sizes=\"(max-width: 1030px) 100vw, 1030px\" data-rel='gallery-1' data-prev-img='https:\/\/industriekultur-winterthur.ch\/site\/wp-content\/uploads\/2018\/05\/Nagli_Schmied1_bereit.jpg' class='first_thumb lightbox ' data-onclick='9' title='Schauschmieden in der Nagli'  itemprop=\"thumbnailUrl\"  ><img decoding=\"async\" fetchpriority=\"high\" class=\"wp-image-1654 avia-img-lazy-loading-not-1654\"  data-avia-tooltip='Schauschmieden in der Nagli' src=\"https:\/\/industriekultur-winterthur.ch\/site\/wp-content\/uploads\/2018\/05\/Nagli_Schmied1_bereit-495x400.jpg\" width=\"495\" height=\"400\"  title='Nagelfabrik (rs)' alt='' srcset=\"https:\/\/industriekultur-winterthur.ch\/site\/wp-content\/uploads\/2018\/05\/Nagli_Schmied1_bereit-495x400.jpg 495w, https:\/\/industriekultur-winterthur.ch\/site\/wp-content\/uploads\/2018\/05\/Nagli_Schmied1_bereit-845x684.jpg 845w\" sizes=\"(max-width: 495px) 100vw, 495px\" \/><div class='big-prev-fake'><img decoding=\"async\" loading=\"lazy\" class=\"wp-image-1654 avia-img-lazy-loading-1654\"  width=\"2000\" height=\"1500\" src=\"https:\/\/industriekultur-winterthur.ch\/site\/wp-content\/uploads\/2018\/05\/Nagli_Schmied1_bereit.jpg\" title='Nagelfabrik (rs)' alt='' srcset=\"https:\/\/industriekultur-winterthur.ch\/site\/wp-content\/uploads\/2018\/05\/Nagli_Schmied1_bereit.jpg 2000w, https:\/\/industriekultur-winterthur.ch\/site\/wp-content\/uploads\/2018\/05\/Nagli_Schmied1_bereit-300x225.jpg 300w, https:\/\/industriekultur-winterthur.ch\/site\/wp-content\/uploads\/2018\/05\/Nagli_Schmied1_bereit-768x576.jpg 768w, https:\/\/industriekultur-winterthur.ch\/site\/wp-content\/uploads\/2018\/05\/Nagli_Schmied1_bereit-1030x773.jpg 1030w, https:\/\/industriekultur-winterthur.ch\/site\/wp-content\/uploads\/2018\/05\/Nagli_Schmied1_bereit-1500x1125.jpg 1500w, https:\/\/industriekultur-winterthur.ch\/site\/wp-content\/uploads\/2018\/05\/Nagli_Schmied1_bereit-705x529.jpg 705w, https:\/\/industriekultur-winterthur.ch\/site\/wp-content\/uploads\/2018\/05\/Nagli_Schmied1_bereit-450x338.jpg 450w\" sizes=\"auto, (max-width: 2000px) 100vw, 2000px\" \/><\/div><\/a><a href=\"https:\/\/industriekultur-winterthur.ch\/site\/wp-content\/uploads\/2018\/05\/Publikum_1_bereit-1030x773.jpg\" data-srcset=\"https:\/\/industriekultur-winterthur.ch\/site\/wp-content\/uploads\/2018\/05\/Publikum_1_bereit-1030x773.jpg 1030w, https:\/\/industriekultur-winterthur.ch\/site\/wp-content\/uploads\/2018\/05\/Publikum_1_bereit-300x225.jpg 300w, https:\/\/industriekultur-winterthur.ch\/site\/wp-content\/uploads\/2018\/05\/Publikum_1_bereit-768x576.jpg 768w, https:\/\/industriekultur-winterthur.ch\/site\/wp-content\/uploads\/2018\/05\/Publikum_1_bereit-1500x1125.jpg 1500w, https:\/\/industriekultur-winterthur.ch\/site\/wp-content\/uploads\/2018\/05\/Publikum_1_bereit-705x529.jpg 705w, https:\/\/industriekultur-winterthur.ch\/site\/wp-content\/uploads\/2018\/05\/Publikum_1_bereit-450x338.jpg 450w, https:\/\/industriekultur-winterthur.ch\/site\/wp-content\/uploads\/2018\/05\/Publikum_1_bereit.jpg 2000w\" data-sizes=\"(max-width: 1030px) 100vw, 1030px\" data-rel='gallery-1' data-prev-img='https:\/\/industriekultur-winterthur.ch\/site\/wp-content\/uploads\/2018\/05\/Publikum_1_bereit.jpg' class='lightbox ' data-onclick='10' title='Schaubetrieb Nagli'  itemprop=\"thumbnailUrl\"  ><img decoding=\"async\" fetchpriority=\"high\" class=\"wp-image-1679 avia-img-lazy-loading-not-1679\"  data-avia-tooltip='Schaubetrieb Nagli' src=\"https:\/\/industriekultur-winterthur.ch\/site\/wp-content\/uploads\/2018\/05\/Publikum_1_bereit-495x400.jpg\" width=\"495\" height=\"400\"  title='Nagelfabrik (rs)' alt='' srcset=\"https:\/\/industriekultur-winterthur.ch\/site\/wp-content\/uploads\/2018\/05\/Publikum_1_bereit-495x400.jpg 495w, https:\/\/industriekultur-winterthur.ch\/site\/wp-content\/uploads\/2018\/05\/Publikum_1_bereit-845x684.jpg 845w\" sizes=\"(max-width: 495px) 100vw, 495px\" \/><div class='big-prev-fake'><img decoding=\"async\" loading=\"lazy\" class=\"wp-image-1679 avia-img-lazy-loading-1679\"  width=\"2000\" height=\"1500\" src=\"https:\/\/industriekultur-winterthur.ch\/site\/wp-content\/uploads\/2018\/05\/Publikum_1_bereit.jpg\" title='Nagelfabrik (rs)' alt='' srcset=\"https:\/\/industriekultur-winterthur.ch\/site\/wp-content\/uploads\/2018\/05\/Publikum_1_bereit.jpg 2000w, https:\/\/industriekultur-winterthur.ch\/site\/wp-content\/uploads\/2018\/05\/Publikum_1_bereit-300x225.jpg 300w, https:\/\/industriekultur-winterthur.ch\/site\/wp-content\/uploads\/2018\/05\/Publikum_1_bereit-768x576.jpg 768w, https:\/\/industriekultur-winterthur.ch\/site\/wp-content\/uploads\/2018\/05\/Publikum_1_bereit-1030x773.jpg 1030w, https:\/\/industriekultur-winterthur.ch\/site\/wp-content\/uploads\/2018\/05\/Publikum_1_bereit-1500x1125.jpg 1500w, https:\/\/industriekultur-winterthur.ch\/site\/wp-content\/uploads\/2018\/05\/Publikum_1_bereit-705x529.jpg 705w, https:\/\/industriekultur-winterthur.ch\/site\/wp-content\/uploads\/2018\/05\/Publikum_1_bereit-450x338.jpg 450w\" sizes=\"auto, (max-width: 2000px) 100vw, 2000px\" \/><\/div><\/a><a href=\"https:\/\/industriekultur-winterthur.ch\/site\/wp-content\/uploads\/2018\/05\/Nagli_Leute1_bereit-1030x773.jpg\" data-srcset=\"https:\/\/industriekultur-winterthur.ch\/site\/wp-content\/uploads\/2018\/05\/Nagli_Leute1_bereit-1030x773.jpg 1030w, https:\/\/industriekultur-winterthur.ch\/site\/wp-content\/uploads\/2018\/05\/Nagli_Leute1_bereit-300x225.jpg 300w, https:\/\/industriekultur-winterthur.ch\/site\/wp-content\/uploads\/2018\/05\/Nagli_Leute1_bereit-768x576.jpg 768w, https:\/\/industriekultur-winterthur.ch\/site\/wp-content\/uploads\/2018\/05\/Nagli_Leute1_bereit-1500x1125.jpg 1500w, https:\/\/industriekultur-winterthur.ch\/site\/wp-content\/uploads\/2018\/05\/Nagli_Leute1_bereit-705x529.jpg 705w, https:\/\/industriekultur-winterthur.ch\/site\/wp-content\/uploads\/2018\/05\/Nagli_Leute1_bereit-450x338.jpg 450w, https:\/\/industriekultur-winterthur.ch\/site\/wp-content\/uploads\/2018\/05\/Nagli_Leute1_bereit.jpg 2000w\" data-sizes=\"(max-width: 1030px) 100vw, 1030px\" data-rel='gallery-1' data-prev-img='https:\/\/industriekultur-winterthur.ch\/site\/wp-content\/uploads\/2018\/05\/Nagli_Leute1_bereit.jpg' class='lightbox ' data-onclick='11' title='Schaubetrieb Nagli'  itemprop=\"thumbnailUrl\"  ><img decoding=\"async\" fetchpriority=\"high\" class=\"wp-image-1636 avia-img-lazy-loading-not-1636\"  data-avia-tooltip='Schaubetrieb Nagli' src=\"https:\/\/industriekultur-winterthur.ch\/site\/wp-content\/uploads\/2018\/05\/Nagli_Leute1_bereit-495x400.jpg\" width=\"495\" height=\"400\"  title='Nagelfabrik (rs)' alt='' srcset=\"https:\/\/industriekultur-winterthur.ch\/site\/wp-content\/uploads\/2018\/05\/Nagli_Leute1_bereit-495x400.jpg 495w, https:\/\/industriekultur-winterthur.ch\/site\/wp-content\/uploads\/2018\/05\/Nagli_Leute1_bereit-845x684.jpg 845w\" sizes=\"(max-width: 495px) 100vw, 495px\" \/><div class='big-prev-fake'><img decoding=\"async\" loading=\"lazy\" class=\"wp-image-1636 avia-img-lazy-loading-1636\"  width=\"2000\" height=\"1500\" src=\"https:\/\/industriekultur-winterthur.ch\/site\/wp-content\/uploads\/2018\/05\/Nagli_Leute1_bereit.jpg\" title='Nagelfabrik (rs)' alt='' srcset=\"https:\/\/industriekultur-winterthur.ch\/site\/wp-content\/uploads\/2018\/05\/Nagli_Leute1_bereit.jpg 2000w, https:\/\/industriekultur-winterthur.ch\/site\/wp-content\/uploads\/2018\/05\/Nagli_Leute1_bereit-300x225.jpg 300w, https:\/\/industriekultur-winterthur.ch\/site\/wp-content\/uploads\/2018\/05\/Nagli_Leute1_bereit-768x576.jpg 768w, https:\/\/industriekultur-winterthur.ch\/site\/wp-content\/uploads\/2018\/05\/Nagli_Leute1_bereit-1030x773.jpg 1030w, https:\/\/industriekultur-winterthur.ch\/site\/wp-content\/uploads\/2018\/05\/Nagli_Leute1_bereit-1500x1125.jpg 1500w, https:\/\/industriekultur-winterthur.ch\/site\/wp-content\/uploads\/2018\/05\/Nagli_Leute1_bereit-705x529.jpg 705w, https:\/\/industriekultur-winterthur.ch\/site\/wp-content\/uploads\/2018\/05\/Nagli_Leute1_bereit-450x338.jpg 450w\" sizes=\"auto, (max-width: 2000px) 100vw, 2000px\" \/><\/div><\/a><a href=\"https:\/\/industriekultur-winterthur.ch\/site\/wp-content\/uploads\/2018\/05\/Nagli_Leute11_bereit-1030x773.jpg\" data-srcset=\"https:\/\/industriekultur-winterthur.ch\/site\/wp-content\/uploads\/2018\/05\/Nagli_Leute11_bereit-1030x773.jpg 1030w, https:\/\/industriekultur-winterthur.ch\/site\/wp-content\/uploads\/2018\/05\/Nagli_Leute11_bereit-300x225.jpg 300w, https:\/\/industriekultur-winterthur.ch\/site\/wp-content\/uploads\/2018\/05\/Nagli_Leute11_bereit-768x576.jpg 768w, https:\/\/industriekultur-winterthur.ch\/site\/wp-content\/uploads\/2018\/05\/Nagli_Leute11_bereit-1500x1125.jpg 1500w, https:\/\/industriekultur-winterthur.ch\/site\/wp-content\/uploads\/2018\/05\/Nagli_Leute11_bereit-705x529.jpg 705w, https:\/\/industriekultur-winterthur.ch\/site\/wp-content\/uploads\/2018\/05\/Nagli_Leute11_bereit-450x338.jpg 450w, https:\/\/industriekultur-winterthur.ch\/site\/wp-content\/uploads\/2018\/05\/Nagli_Leute11_bereit.jpg 2000w\" data-sizes=\"(max-width: 1030px) 100vw, 1030px\" data-rel='gallery-1' data-prev-img='https:\/\/industriekultur-winterthur.ch\/site\/wp-content\/uploads\/2018\/05\/Nagli_Leute11_bereit.jpg' class='lightbox ' data-onclick='12' title='Schaubetrieb Nagli'  itemprop=\"thumbnailUrl\"  ><img decoding=\"async\" fetchpriority=\"high\" class=\"wp-image-1653 avia-img-lazy-loading-not-1653\"  data-avia-tooltip='Schaubetrieb Nagli' src=\"https:\/\/industriekultur-winterthur.ch\/site\/wp-content\/uploads\/2018\/05\/Nagli_Leute11_bereit-495x400.jpg\" width=\"495\" height=\"400\"  title='Nagelfabrik (rs)' alt='' srcset=\"https:\/\/industriekultur-winterthur.ch\/site\/wp-content\/uploads\/2018\/05\/Nagli_Leute11_bereit-495x400.jpg 495w, https:\/\/industriekultur-winterthur.ch\/site\/wp-content\/uploads\/2018\/05\/Nagli_Leute11_bereit-845x684.jpg 845w\" sizes=\"(max-width: 495px) 100vw, 495px\" \/><div class='big-prev-fake'><img decoding=\"async\" loading=\"lazy\" class=\"wp-image-1653 avia-img-lazy-loading-1653\"  width=\"2000\" height=\"1500\" src=\"https:\/\/industriekultur-winterthur.ch\/site\/wp-content\/uploads\/2018\/05\/Nagli_Leute11_bereit.jpg\" title='Nagelfabrik (rs)' alt='' srcset=\"https:\/\/industriekultur-winterthur.ch\/site\/wp-content\/uploads\/2018\/05\/Nagli_Leute11_bereit.jpg 2000w, https:\/\/industriekultur-winterthur.ch\/site\/wp-content\/uploads\/2018\/05\/Nagli_Leute11_bereit-300x225.jpg 300w, https:\/\/industriekultur-winterthur.ch\/site\/wp-content\/uploads\/2018\/05\/Nagli_Leute11_bereit-768x576.jpg 768w, https:\/\/industriekultur-winterthur.ch\/site\/wp-content\/uploads\/2018\/05\/Nagli_Leute11_bereit-1030x773.jpg 1030w, https:\/\/industriekultur-winterthur.ch\/site\/wp-content\/uploads\/2018\/05\/Nagli_Leute11_bereit-1500x1125.jpg 1500w, https:\/\/industriekultur-winterthur.ch\/site\/wp-content\/uploads\/2018\/05\/Nagli_Leute11_bereit-705x529.jpg 705w, https:\/\/industriekultur-winterthur.ch\/site\/wp-content\/uploads\/2018\/05\/Nagli_Leute11_bereit-450x338.jpg 450w\" sizes=\"auto, (max-width: 2000px) 100vw, 2000px\" \/><\/div><\/a><a href=\"https:\/\/industriekultur-winterthur.ch\/site\/wp-content\/uploads\/2018\/05\/Ap\u00e9ro1_bereit-1030x773.jpg\" data-srcset=\"https:\/\/industriekultur-winterthur.ch\/site\/wp-content\/uploads\/2018\/05\/Ap\u00e9ro1_bereit-1030x773.jpg 1030w, https:\/\/industriekultur-winterthur.ch\/site\/wp-content\/uploads\/2018\/05\/Ap\u00e9ro1_bereit-300x225.jpg 300w, https:\/\/industriekultur-winterthur.ch\/site\/wp-content\/uploads\/2018\/05\/Ap\u00e9ro1_bereit-768x576.jpg 768w, https:\/\/industriekultur-winterthur.ch\/site\/wp-content\/uploads\/2018\/05\/Ap\u00e9ro1_bereit-1500x1125.jpg 1500w, https:\/\/industriekultur-winterthur.ch\/site\/wp-content\/uploads\/2018\/05\/Ap\u00e9ro1_bereit-705x529.jpg 705w, https:\/\/industriekultur-winterthur.ch\/site\/wp-content\/uploads\/2018\/05\/Ap\u00e9ro1_bereit-450x338.jpg 450w, https:\/\/industriekultur-winterthur.ch\/site\/wp-content\/uploads\/2018\/05\/Ap\u00e9ro1_bereit.jpg 2000w\" data-sizes=\"(max-width: 1030px) 100vw, 1030px\" data-rel='gallery-1' data-prev-img='https:\/\/industriekultur-winterthur.ch\/site\/wp-content\/uploads\/2018\/05\/Ap\u00e9ro1_bereit.jpg' class='first_thumb lightbox ' data-onclick='13' title='Ap\u00e9ro in der Nagli'  itemprop=\"thumbnailUrl\"  ><img decoding=\"async\" fetchpriority=\"high\" class=\"wp-image-1643 avia-img-lazy-loading-not-1643\"  data-avia-tooltip='Ap\u00e9ro in der Nagli' src=\"https:\/\/industriekultur-winterthur.ch\/site\/wp-content\/uploads\/2018\/05\/Ap\u00e9ro1_bereit-495x400.jpg\" width=\"495\" height=\"400\"  title='Nagelfabrik Nagli' alt='' srcset=\"https:\/\/industriekultur-winterthur.ch\/site\/wp-content\/uploads\/2018\/05\/Ap\u00e9ro1_bereit-495x400.jpg 495w, https:\/\/industriekultur-winterthur.ch\/site\/wp-content\/uploads\/2018\/05\/Ap\u00e9ro1_bereit-845x684.jpg 845w\" sizes=\"(max-width: 495px) 100vw, 495px\" \/><div class='big-prev-fake'><img decoding=\"async\" loading=\"lazy\" class=\"wp-image-1643 avia-img-lazy-loading-1643\"  width=\"2000\" height=\"1500\" src=\"https:\/\/industriekultur-winterthur.ch\/site\/wp-content\/uploads\/2018\/05\/Ap\u00e9ro1_bereit.jpg\" title='Nagelfabrik Nagli' alt='' srcset=\"https:\/\/industriekultur-winterthur.ch\/site\/wp-content\/uploads\/2018\/05\/Ap\u00e9ro1_bereit.jpg 2000w, https:\/\/industriekultur-winterthur.ch\/site\/wp-content\/uploads\/2018\/05\/Ap\u00e9ro1_bereit-300x225.jpg 300w, https:\/\/industriekultur-winterthur.ch\/site\/wp-content\/uploads\/2018\/05\/Ap\u00e9ro1_bereit-768x576.jpg 768w, https:\/\/industriekultur-winterthur.ch\/site\/wp-content\/uploads\/2018\/05\/Ap\u00e9ro1_bereit-1030x773.jpg 1030w, https:\/\/industriekultur-winterthur.ch\/site\/wp-content\/uploads\/2018\/05\/Ap\u00e9ro1_bereit-1500x1125.jpg 1500w, https:\/\/industriekultur-winterthur.ch\/site\/wp-content\/uploads\/2018\/05\/Ap\u00e9ro1_bereit-705x529.jpg 705w, https:\/\/industriekultur-winterthur.ch\/site\/wp-content\/uploads\/2018\/05\/Ap\u00e9ro1_bereit-450x338.jpg 450w\" sizes=\"auto, (max-width: 2000px) 100vw, 2000px\" \/><\/div><\/a><a href=\"https:\/\/industriekultur-winterthur.ch\/site\/wp-content\/uploads\/2018\/05\/Nagli-Kinderwoche_bereit-1030x773.jpg\" data-srcset=\"https:\/\/industriekultur-winterthur.ch\/site\/wp-content\/uploads\/2018\/05\/Nagli-Kinderwoche_bereit-1030x773.jpg 1030w, https:\/\/industriekultur-winterthur.ch\/site\/wp-content\/uploads\/2018\/05\/Nagli-Kinderwoche_bereit-300x225.jpg 300w, https:\/\/industriekultur-winterthur.ch\/site\/wp-content\/uploads\/2018\/05\/Nagli-Kinderwoche_bereit-768x576.jpg 768w, https:\/\/industriekultur-winterthur.ch\/site\/wp-content\/uploads\/2018\/05\/Nagli-Kinderwoche_bereit-1500x1125.jpg 1500w, https:\/\/industriekultur-winterthur.ch\/site\/wp-content\/uploads\/2018\/05\/Nagli-Kinderwoche_bereit-705x529.jpg 705w, https:\/\/industriekultur-winterthur.ch\/site\/wp-content\/uploads\/2018\/05\/Nagli-Kinderwoche_bereit-450x338.jpg 450w, https:\/\/industriekultur-winterthur.ch\/site\/wp-content\/uploads\/2018\/05\/Nagli-Kinderwoche_bereit.jpg 2000w\" data-sizes=\"(max-width: 1030px) 100vw, 1030px\" data-rel='gallery-1' data-prev-img='https:\/\/industriekultur-winterthur.ch\/site\/wp-content\/uploads\/2018\/05\/Nagli-Kinderwoche_bereit.jpg' class='lightbox ' data-onclick='14' title='Kinderkurs in der Nagli'  itemprop=\"thumbnailUrl\"  ><img decoding=\"async\" fetchpriority=\"high\" class=\"wp-image-1652 avia-img-lazy-loading-not-1652\"  data-avia-tooltip='Kinderkurs in der Nagli' src=\"https:\/\/industriekultur-winterthur.ch\/site\/wp-content\/uploads\/2018\/05\/Nagli-Kinderwoche_bereit-495x400.jpg\" width=\"495\" height=\"400\"  title='Nagelfabrik (cr)' alt='' srcset=\"https:\/\/industriekultur-winterthur.ch\/site\/wp-content\/uploads\/2018\/05\/Nagli-Kinderwoche_bereit-495x400.jpg 495w, https:\/\/industriekultur-winterthur.ch\/site\/wp-content\/uploads\/2018\/05\/Nagli-Kinderwoche_bereit-845x684.jpg 845w\" sizes=\"(max-width: 495px) 100vw, 495px\" \/><div class='big-prev-fake'><img decoding=\"async\" loading=\"lazy\" class=\"wp-image-1652 avia-img-lazy-loading-1652\"  width=\"2000\" height=\"1500\" src=\"https:\/\/industriekultur-winterthur.ch\/site\/wp-content\/uploads\/2018\/05\/Nagli-Kinderwoche_bereit.jpg\" title='Nagelfabrik (cr)' alt='' srcset=\"https:\/\/industriekultur-winterthur.ch\/site\/wp-content\/uploads\/2018\/05\/Nagli-Kinderwoche_bereit.jpg 2000w, https:\/\/industriekultur-winterthur.ch\/site\/wp-content\/uploads\/2018\/05\/Nagli-Kinderwoche_bereit-300x225.jpg 300w, https:\/\/industriekultur-winterthur.ch\/site\/wp-content\/uploads\/2018\/05\/Nagli-Kinderwoche_bereit-768x576.jpg 768w, https:\/\/industriekultur-winterthur.ch\/site\/wp-content\/uploads\/2018\/05\/Nagli-Kinderwoche_bereit-1030x773.jpg 1030w, https:\/\/industriekultur-winterthur.ch\/site\/wp-content\/uploads\/2018\/05\/Nagli-Kinderwoche_bereit-1500x1125.jpg 1500w, https:\/\/industriekultur-winterthur.ch\/site\/wp-content\/uploads\/2018\/05\/Nagli-Kinderwoche_bereit-705x529.jpg 705w, https:\/\/industriekultur-winterthur.ch\/site\/wp-content\/uploads\/2018\/05\/Nagli-Kinderwoche_bereit-450x338.jpg 450w\" sizes=\"auto, (max-width: 2000px) 100vw, 2000px\" \/><\/div><\/a><a href=\"https:\/\/industriekultur-winterthur.ch\/site\/wp-content\/uploads\/2018\/05\/K\u00f6hlerfest2_bereit-1030x773.jpg\" data-srcset=\"https:\/\/industriekultur-winterthur.ch\/site\/wp-content\/uploads\/2018\/05\/K\u00f6hlerfest2_bereit-1030x773.jpg 1030w, https:\/\/industriekultur-winterthur.ch\/site\/wp-content\/uploads\/2018\/05\/K\u00f6hlerfest2_bereit-300x225.jpg 300w, https:\/\/industriekultur-winterthur.ch\/site\/wp-content\/uploads\/2018\/05\/K\u00f6hlerfest2_bereit-768x576.jpg 768w, https:\/\/industriekultur-winterthur.ch\/site\/wp-content\/uploads\/2018\/05\/K\u00f6hlerfest2_bereit-1500x1125.jpg 1500w, https:\/\/industriekultur-winterthur.ch\/site\/wp-content\/uploads\/2018\/05\/K\u00f6hlerfest2_bereit-705x529.jpg 705w, https:\/\/industriekultur-winterthur.ch\/site\/wp-content\/uploads\/2018\/05\/K\u00f6hlerfest2_bereit-450x338.jpg 450w, https:\/\/industriekultur-winterthur.ch\/site\/wp-content\/uploads\/2018\/05\/K\u00f6hlerfest2_bereit.jpg 2000w\" data-sizes=\"(max-width: 1030px) 100vw, 1030px\" data-rel='gallery-1' data-prev-img='https:\/\/industriekultur-winterthur.ch\/site\/wp-content\/uploads\/2018\/05\/K\u00f6hlerfest2_bereit.jpg' class='lightbox ' data-onclick='15' title='inbahn am K\u00f6hlerfest 2017'  itemprop=\"thumbnailUrl\"  ><img decoding=\"async\" fetchpriority=\"high\" class=\"wp-image-1645 avia-img-lazy-loading-not-1645\"  data-avia-tooltip='inbahn am K\u00f6hlerfest 2017' src=\"https:\/\/industriekultur-winterthur.ch\/site\/wp-content\/uploads\/2018\/05\/K\u00f6hlerfest2_bereit-495x400.jpg\" width=\"495\" height=\"400\"  title='K\u00f6hlerfest' alt='' srcset=\"https:\/\/industriekultur-winterthur.ch\/site\/wp-content\/uploads\/2018\/05\/K\u00f6hlerfest2_bereit-495x400.jpg 495w, https:\/\/industriekultur-winterthur.ch\/site\/wp-content\/uploads\/2018\/05\/K\u00f6hlerfest2_bereit-845x684.jpg 845w\" sizes=\"(max-width: 495px) 100vw, 495px\" \/><div class='big-prev-fake'><img decoding=\"async\" loading=\"lazy\" class=\"wp-image-1645 avia-img-lazy-loading-1645\"  width=\"2000\" height=\"1500\" src=\"https:\/\/industriekultur-winterthur.ch\/site\/wp-content\/uploads\/2018\/05\/K\u00f6hlerfest2_bereit.jpg\" title='K\u00f6hlerfest' alt='' srcset=\"https:\/\/industriekultur-winterthur.ch\/site\/wp-content\/uploads\/2018\/05\/K\u00f6hlerfest2_bereit.jpg 2000w, https:\/\/industriekultur-winterthur.ch\/site\/wp-content\/uploads\/2018\/05\/K\u00f6hlerfest2_bereit-300x225.jpg 300w, https:\/\/industriekultur-winterthur.ch\/site\/wp-content\/uploads\/2018\/05\/K\u00f6hlerfest2_bereit-768x576.jpg 768w, https:\/\/industriekultur-winterthur.ch\/site\/wp-content\/uploads\/2018\/05\/K\u00f6hlerfest2_bereit-1030x773.jpg 1030w, https:\/\/industriekultur-winterthur.ch\/site\/wp-content\/uploads\/2018\/05\/K\u00f6hlerfest2_bereit-1500x1125.jpg 1500w, https:\/\/industriekultur-winterthur.ch\/site\/wp-content\/uploads\/2018\/05\/K\u00f6hlerfest2_bereit-705x529.jpg 705w, https:\/\/industriekultur-winterthur.ch\/site\/wp-content\/uploads\/2018\/05\/K\u00f6hlerfest2_bereit-450x338.jpg 450w\" sizes=\"auto, (max-width: 2000px) 100vw, 2000px\" \/><\/div><\/a><a href=\"https:\/\/industriekultur-winterthur.ch\/site\/wp-content\/uploads\/2018\/05\/K\u00f6hlerfest-1030x773.jpg\" data-srcset=\"https:\/\/industriekultur-winterthur.ch\/site\/wp-content\/uploads\/2018\/05\/K\u00f6hlerfest-1030x773.jpg 1030w, https:\/\/industriekultur-winterthur.ch\/site\/wp-content\/uploads\/2018\/05\/K\u00f6hlerfest-300x225.jpg 300w, https:\/\/industriekultur-winterthur.ch\/site\/wp-content\/uploads\/2018\/05\/K\u00f6hlerfest-768x576.jpg 768w, https:\/\/industriekultur-winterthur.ch\/site\/wp-content\/uploads\/2018\/05\/K\u00f6hlerfest-1500x1125.jpg 1500w, https:\/\/industriekultur-winterthur.ch\/site\/wp-content\/uploads\/2018\/05\/K\u00f6hlerfest-705x529.jpg 705w, https:\/\/industriekultur-winterthur.ch\/site\/wp-content\/uploads\/2018\/05\/K\u00f6hlerfest-450x338.jpg 450w, https:\/\/industriekultur-winterthur.ch\/site\/wp-content\/uploads\/2018\/05\/K\u00f6hlerfest.jpg 2000w\" data-sizes=\"(max-width: 1030px) 100vw, 1030px\" data-rel='gallery-1' data-prev-img='https:\/\/industriekultur-winterthur.ch\/site\/wp-content\/uploads\/2018\/05\/K\u00f6hlerfest.jpg' class='lightbox ' data-onclick='16' title='inbahn am K\u00f6hlerfest '  itemprop=\"thumbnailUrl\"  ><img decoding=\"async\" fetchpriority=\"high\" class=\"wp-image-1517 avia-img-lazy-loading-not-1517\"  data-avia-tooltip='inbahn am K\u00f6hlerfest ' src=\"https:\/\/industriekultur-winterthur.ch\/site\/wp-content\/uploads\/2018\/05\/K\u00f6hlerfest-495x400.jpg\" width=\"495\" height=\"400\"  title='K\u00f6hlerfest' alt='' srcset=\"https:\/\/industriekultur-winterthur.ch\/site\/wp-content\/uploads\/2018\/05\/K\u00f6hlerfest-495x400.jpg 495w, https:\/\/industriekultur-winterthur.ch\/site\/wp-content\/uploads\/2018\/05\/K\u00f6hlerfest-845x684.jpg 845w\" sizes=\"(max-width: 495px) 100vw, 495px\" \/><div class='big-prev-fake'><img decoding=\"async\" loading=\"lazy\" class=\"wp-image-1517 avia-img-lazy-loading-1517\"  width=\"2000\" height=\"1500\" src=\"https:\/\/industriekultur-winterthur.ch\/site\/wp-content\/uploads\/2018\/05\/K\u00f6hlerfest.jpg\" title='K\u00f6hlerfest' alt='' srcset=\"https:\/\/industriekultur-winterthur.ch\/site\/wp-content\/uploads\/2018\/05\/K\u00f6hlerfest.jpg 2000w, https:\/\/industriekultur-winterthur.ch\/site\/wp-content\/uploads\/2018\/05\/K\u00f6hlerfest-300x225.jpg 300w, https:\/\/industriekultur-winterthur.ch\/site\/wp-content\/uploads\/2018\/05\/K\u00f6hlerfest-768x576.jpg 768w, https:\/\/industriekultur-winterthur.ch\/site\/wp-content\/uploads\/2018\/05\/K\u00f6hlerfest-1030x773.jpg 1030w, https:\/\/industriekultur-winterthur.ch\/site\/wp-content\/uploads\/2018\/05\/K\u00f6hlerfest-1500x1125.jpg 1500w, https:\/\/industriekultur-winterthur.ch\/site\/wp-content\/uploads\/2018\/05\/K\u00f6hlerfest-705x529.jpg 705w, https:\/\/industriekultur-winterthur.ch\/site\/wp-content\/uploads\/2018\/05\/K\u00f6hlerfest-450x338.jpg 450w\" sizes=\"auto, (max-width: 2000px) 100vw, 2000px\" \/><\/div><\/a><a href=\"https:\/\/industriekultur-winterthur.ch\/site\/wp-content\/uploads\/2018\/05\/Nagli-GV17-16_bereit-1030x773.jpg\" data-srcset=\"https:\/\/industriekultur-winterthur.ch\/site\/wp-content\/uploads\/2018\/05\/Nagli-GV17-16_bereit-1030x773.jpg 1030w, https:\/\/industriekultur-winterthur.ch\/site\/wp-content\/uploads\/2018\/05\/Nagli-GV17-16_bereit-300x225.jpg 300w, https:\/\/industriekultur-winterthur.ch\/site\/wp-content\/uploads\/2018\/05\/Nagli-GV17-16_bereit-768x576.jpg 768w, https:\/\/industriekultur-winterthur.ch\/site\/wp-content\/uploads\/2018\/05\/Nagli-GV17-16_bereit-1500x1125.jpg 1500w, https:\/\/industriekultur-winterthur.ch\/site\/wp-content\/uploads\/2018\/05\/Nagli-GV17-16_bereit-705x529.jpg 705w, https:\/\/industriekultur-winterthur.ch\/site\/wp-content\/uploads\/2018\/05\/Nagli-GV17-16_bereit-450x338.jpg 450w, https:\/\/industriekultur-winterthur.ch\/site\/wp-content\/uploads\/2018\/05\/Nagli-GV17-16_bereit.jpg 2000w\" data-sizes=\"(max-width: 1030px) 100vw, 1030px\" data-rel='gallery-1' data-prev-img='https:\/\/industriekultur-winterthur.ch\/site\/wp-content\/uploads\/2018\/05\/Nagli-GV17-16_bereit.jpg' class='first_thumb lightbox ' data-onclick='17' title='inbahn GV 2015'  itemprop=\"thumbnailUrl\"  ><img decoding=\"async\" fetchpriority=\"high\" class=\"wp-image-1649 avia-img-lazy-loading-not-1649\"  data-avia-tooltip='inbahn GV 2015' src=\"https:\/\/industriekultur-winterthur.ch\/site\/wp-content\/uploads\/2018\/05\/Nagli-GV17-16_bereit-495x400.jpg\" width=\"495\" height=\"400\"  title='Inbahn (hg)' alt='' srcset=\"https:\/\/industriekultur-winterthur.ch\/site\/wp-content\/uploads\/2018\/05\/Nagli-GV17-16_bereit-495x400.jpg 495w, https:\/\/industriekultur-winterthur.ch\/site\/wp-content\/uploads\/2018\/05\/Nagli-GV17-16_bereit-845x684.jpg 845w\" sizes=\"(max-width: 495px) 100vw, 495px\" \/><div class='big-prev-fake'><img decoding=\"async\" loading=\"lazy\" class=\"wp-image-1649 avia-img-lazy-loading-1649\"  width=\"2000\" height=\"1500\" src=\"https:\/\/industriekultur-winterthur.ch\/site\/wp-content\/uploads\/2018\/05\/Nagli-GV17-16_bereit.jpg\" title='Inbahn (hg)' alt='' srcset=\"https:\/\/industriekultur-winterthur.ch\/site\/wp-content\/uploads\/2018\/05\/Nagli-GV17-16_bereit.jpg 2000w, https:\/\/industriekultur-winterthur.ch\/site\/wp-content\/uploads\/2018\/05\/Nagli-GV17-16_bereit-300x225.jpg 300w, https:\/\/industriekultur-winterthur.ch\/site\/wp-content\/uploads\/2018\/05\/Nagli-GV17-16_bereit-768x576.jpg 768w, https:\/\/industriekultur-winterthur.ch\/site\/wp-content\/uploads\/2018\/05\/Nagli-GV17-16_bereit-1030x773.jpg 1030w, https:\/\/industriekultur-winterthur.ch\/site\/wp-content\/uploads\/2018\/05\/Nagli-GV17-16_bereit-1500x1125.jpg 1500w, https:\/\/industriekultur-winterthur.ch\/site\/wp-content\/uploads\/2018\/05\/Nagli-GV17-16_bereit-705x529.jpg 705w, https:\/\/industriekultur-winterthur.ch\/site\/wp-content\/uploads\/2018\/05\/Nagli-GV17-16_bereit-450x338.jpg 450w\" sizes=\"auto, (max-width: 2000px) 100vw, 2000px\" \/><\/div><\/a><a href=\"https:\/\/industriekultur-winterthur.ch\/site\/wp-content\/uploads\/2018\/05\/Nagli-a-12_bereit-1030x773.jpg\" data-srcset=\"https:\/\/industriekultur-winterthur.ch\/site\/wp-content\/uploads\/2018\/05\/Nagli-a-12_bereit-1030x773.jpg 1030w, https:\/\/industriekultur-winterthur.ch\/site\/wp-content\/uploads\/2018\/05\/Nagli-a-12_bereit-300x225.jpg 300w, https:\/\/industriekultur-winterthur.ch\/site\/wp-content\/uploads\/2018\/05\/Nagli-a-12_bereit-768x576.jpg 768w, https:\/\/industriekultur-winterthur.ch\/site\/wp-content\/uploads\/2018\/05\/Nagli-a-12_bereit-1500x1125.jpg 1500w, https:\/\/industriekultur-winterthur.ch\/site\/wp-content\/uploads\/2018\/05\/Nagli-a-12_bereit-705x529.jpg 705w, https:\/\/industriekultur-winterthur.ch\/site\/wp-content\/uploads\/2018\/05\/Nagli-a-12_bereit-450x338.jpg 450w, https:\/\/industriekultur-winterthur.ch\/site\/wp-content\/uploads\/2018\/05\/Nagli-a-12_bereit.jpg 2000w\" data-sizes=\"(max-width: 1030px) 100vw, 1030px\" data-rel='gallery-1' data-prev-img='https:\/\/industriekultur-winterthur.ch\/site\/wp-content\/uploads\/2018\/05\/Nagli-a-12_bereit.jpg' class='lightbox ' data-onclick='18' title='inbahn GV 2015'  itemprop=\"thumbnailUrl\"  ><img decoding=\"async\" fetchpriority=\"high\" class=\"wp-image-1648 avia-img-lazy-loading-not-1648\"  data-avia-tooltip='inbahn GV 2015' src=\"https:\/\/industriekultur-winterthur.ch\/site\/wp-content\/uploads\/2018\/05\/Nagli-a-12_bereit-495x400.jpg\" width=\"495\" height=\"400\"  title='inbahn (hg)' alt='' srcset=\"https:\/\/industriekultur-winterthur.ch\/site\/wp-content\/uploads\/2018\/05\/Nagli-a-12_bereit-495x400.jpg 495w, https:\/\/industriekultur-winterthur.ch\/site\/wp-content\/uploads\/2018\/05\/Nagli-a-12_bereit-845x684.jpg 845w\" sizes=\"(max-width: 495px) 100vw, 495px\" \/><div class='big-prev-fake'><img decoding=\"async\" loading=\"lazy\" class=\"wp-image-1648 avia-img-lazy-loading-1648\"  width=\"2000\" height=\"1500\" src=\"https:\/\/industriekultur-winterthur.ch\/site\/wp-content\/uploads\/2018\/05\/Nagli-a-12_bereit.jpg\" title='inbahn (hg)' alt='' srcset=\"https:\/\/industriekultur-winterthur.ch\/site\/wp-content\/uploads\/2018\/05\/Nagli-a-12_bereit.jpg 2000w, https:\/\/industriekultur-winterthur.ch\/site\/wp-content\/uploads\/2018\/05\/Nagli-a-12_bereit-300x225.jpg 300w, https:\/\/industriekultur-winterthur.ch\/site\/wp-content\/uploads\/2018\/05\/Nagli-a-12_bereit-768x576.jpg 768w, https:\/\/industriekultur-winterthur.ch\/site\/wp-content\/uploads\/2018\/05\/Nagli-a-12_bereit-1030x773.jpg 1030w, https:\/\/industriekultur-winterthur.ch\/site\/wp-content\/uploads\/2018\/05\/Nagli-a-12_bereit-1500x1125.jpg 1500w, https:\/\/industriekultur-winterthur.ch\/site\/wp-content\/uploads\/2018\/05\/Nagli-a-12_bereit-705x529.jpg 705w, https:\/\/industriekultur-winterthur.ch\/site\/wp-content\/uploads\/2018\/05\/Nagli-a-12_bereit-450x338.jpg 450w\" sizes=\"auto, (max-width: 2000px) 100vw, 2000px\" \/><\/div><\/a><a href=\"https:\/\/industriekultur-winterthur.ch\/site\/wp-content\/uploads\/2018\/05\/Putztag_Nagli_2018-1030x773.jpg\" data-srcset=\"https:\/\/industriekultur-winterthur.ch\/site\/wp-content\/uploads\/2018\/05\/Putztag_Nagli_2018-1030x773.jpg 1030w, https:\/\/industriekultur-winterthur.ch\/site\/wp-content\/uploads\/2018\/05\/Putztag_Nagli_2018-300x225.jpg 300w, https:\/\/industriekultur-winterthur.ch\/site\/wp-content\/uploads\/2018\/05\/Putztag_Nagli_2018-768x576.jpg 768w, https:\/\/industriekultur-winterthur.ch\/site\/wp-content\/uploads\/2018\/05\/Putztag_Nagli_2018-1500x1125.jpg 1500w, https:\/\/industriekultur-winterthur.ch\/site\/wp-content\/uploads\/2018\/05\/Putztag_Nagli_2018-705x529.jpg 705w, https:\/\/industriekultur-winterthur.ch\/site\/wp-content\/uploads\/2018\/05\/Putztag_Nagli_2018-450x338.jpg 450w, https:\/\/industriekultur-winterthur.ch\/site\/wp-content\/uploads\/2018\/05\/Putztag_Nagli_2018.jpg 2000w\" data-sizes=\"(max-width: 1030px) 100vw, 1030px\" data-rel='gallery-1' data-prev-img='https:\/\/industriekultur-winterthur.ch\/site\/wp-content\/uploads\/2018\/05\/Putztag_Nagli_2018.jpg' class='lightbox ' data-onclick='19' title='Inbahnteam 2018'  itemprop=\"thumbnailUrl\"  ><img decoding=\"async\" fetchpriority=\"high\" class=\"wp-image-1647 avia-img-lazy-loading-not-1647\"  data-avia-tooltip='Inbahnteam 2018' src=\"https:\/\/industriekultur-winterthur.ch\/site\/wp-content\/uploads\/2018\/05\/Putztag_Nagli_2018-495x400.jpg\" width=\"495\" height=\"400\"  title='Nagelfabrik Nagli' alt='' srcset=\"https:\/\/industriekultur-winterthur.ch\/site\/wp-content\/uploads\/2018\/05\/Putztag_Nagli_2018-495x400.jpg 495w, https:\/\/industriekultur-winterthur.ch\/site\/wp-content\/uploads\/2018\/05\/Putztag_Nagli_2018-845x684.jpg 845w\" sizes=\"(max-width: 495px) 100vw, 495px\" \/><div class='big-prev-fake'><img decoding=\"async\" loading=\"lazy\" class=\"wp-image-1647 avia-img-lazy-loading-1647\"  width=\"2000\" height=\"1500\" src=\"https:\/\/industriekultur-winterthur.ch\/site\/wp-content\/uploads\/2018\/05\/Putztag_Nagli_2018.jpg\" title='Nagelfabrik Nagli' alt='' srcset=\"https:\/\/industriekultur-winterthur.ch\/site\/wp-content\/uploads\/2018\/05\/Putztag_Nagli_2018.jpg 2000w, https:\/\/industriekultur-winterthur.ch\/site\/wp-content\/uploads\/2018\/05\/Putztag_Nagli_2018-300x225.jpg 300w, https:\/\/industriekultur-winterthur.ch\/site\/wp-content\/uploads\/2018\/05\/Putztag_Nagli_2018-768x576.jpg 768w, https:\/\/industriekultur-winterthur.ch\/site\/wp-content\/uploads\/2018\/05\/Putztag_Nagli_2018-1030x773.jpg 1030w, https:\/\/industriekultur-winterthur.ch\/site\/wp-content\/uploads\/2018\/05\/Putztag_Nagli_2018-1500x1125.jpg 1500w, https:\/\/industriekultur-winterthur.ch\/site\/wp-content\/uploads\/2018\/05\/Putztag_Nagli_2018-705x529.jpg 705w, https:\/\/industriekultur-winterthur.ch\/site\/wp-content\/uploads\/2018\/05\/Putztag_Nagli_2018-450x338.jpg 450w\" sizes=\"auto, (max-width: 2000px) 100vw, 2000px\" \/><\/div><\/a><\/div><\/div><\/div>\n<style type=\"text\/css\" data-created_by=\"avia_inline_auto\" id=\"style-css-av-6c8jpz-2-58d28de773d7f6a2e4b7cc278082af24\">\n.flex_column.av-6c8jpz-2-58d28de773d7f6a2e4b7cc278082af24{\nborder-radius:0px 0px 0px 0px;\npadding:0px 0px 0px 0px;\n}\n<\/style>\n<div  class='flex_column av-6c8jpz-2-58d28de773d7f6a2e4b7cc278082af24 av_one_half  avia-builder-el-27  el_after_av_one_half  avia-builder-el-last  flex_column_div av-zero-column-padding  '     ><p>\n<style type=\"text\/css\" data-created_by=\"avia_inline_auto\" id=\"style-css-av-nlqf-6686d965af8e1cb32483c7ff14334dcc\">\n#top .av-special-heading.av-nlqf-6686d965af8e1cb32483c7ff14334dcc{\npadding-bottom:10px;\n}\nbody .av-special-heading.av-nlqf-6686d965af8e1cb32483c7ff14334dcc .av-special-heading-tag .heading-char{\nfont-size:25px;\n}\n.av-special-heading.av-nlqf-6686d965af8e1cb32483c7ff14334dcc .av-subheading{\nfont-size:15px;\n}\n<\/style>\n<div  class='av-special-heading av-nlqf-6686d965af8e1cb32483c7ff14334dcc av-special-heading-h1 blockquote modern-quote  avia-builder-el-28  el_before_av_textblock  avia-builder-el-first '><h1 class='av-special-heading-tag '  itemprop=\"headline\"  >Impressionen<\/h1><div class=\"special-heading-border\"><div class=\"special-heading-inner-border\"><\/div><\/div><\/div><br \/>\n<section  class='av_textblock_section av-2xmr47-1-3bc6351cf267c85c4ad96f6d3967f346 '   itemscope=\"itemscope\" itemtype=\"https:\/\/schema.org\/CreativeWork\" ><div class='avia_textblock'  itemprop=\"text\" ><p><strong>Vergangene Anl\u00e4sse<\/strong><\/p>\n<p>Kukuruz Quartett, Einweihung der Nagelmaschine M3 mit dem Winterthurer Stadtpr\u00e4sidenten, Schaubetrieb in der Nagli, Ap\u00e9ro in der Nagli, Schauschmieden in der Nagli, Kinderfest in der Nagli, K\u00f6hlerfest, inbahn GV, inbahn Team<\/p>\n<\/div><\/section><\/p><\/div>\n<\/div><\/div><\/div><!-- close content main div --><\/div><\/div><div id='after_section_5'  class='main_color av_default_container_wrap container_wrap fullsize'  ><div class='container av-section-cont-open' ><div class='template-page content  av-content-full alpha units'><div class='post-entry post-entry-type-page post-entry-1255'><div class='entry-content-wrapper clearfix'>\n\n","protected":false},"excerpt":{"rendered":"","protected":false},"author":1,"featured_media":0,"parent":236,"menu_order":0,"comment_status":"closed","ping_status":"closed","template":"","meta":{"footnotes":""},"class_list":["post-1255","page","type-page","status-publish","hentry"],"yoast_head":"<!-- This site is optimized with the Yoast SEO plugin v27.5 - https:\/\/yoast.com\/product\/yoast-seo-wordpress\/ -->\n<title>Anl\u00e4sse - inbahn<\/title>\n<meta name=\"robots\" content=\"index, follow, max-snippet:-1, max-image-preview:large, max-video-preview:-1\" \/>\n<link rel=\"canonical\" href=\"https:\/\/industriekultur-winterthur.ch\/site\/verein\/anlaesse\/\" \/>\n<meta property=\"og:locale\" content=\"de_DE\" \/>\n<meta property=\"og:type\" content=\"article\" \/>\n<meta property=\"og:title\" content=\"Anl\u00e4sse - inbahn\" \/>\n<meta property=\"og:url\" content=\"https:\/\/industriekultur-winterthur.ch\/site\/verein\/anlaesse\/\" \/>\n<meta property=\"og:site_name\" content=\"inbahn\" \/>\n<meta property=\"article:publisher\" content=\"https:\/\/de-de.facebook.com\/Industriekultur.Schweiz\/\" \/>\n<meta property=\"article:modified_time\" content=\"2026-04-09T17:02:20+00:00\" \/>\n<meta name=\"twitter:card\" content=\"summary_large_image\" \/>\n<meta name=\"twitter:label1\" content=\"Gesch\u00e4tzte Lesezeit\" \/>\n\t<meta name=\"twitter:data1\" content=\"14\u00a0Minuten\" \/>\n<script type=\"application\/ld+json\" class=\"yoast-schema-graph\">{\"@context\":\"https:\\\/\\\/schema.org\",\"@graph\":[{\"@type\":\"WebPage\",\"@id\":\"https:\\\/\\\/industriekultur-winterthur.ch\\\/site\\\/verein\\\/anlaesse\\\/\",\"url\":\"https:\\\/\\\/industriekultur-winterthur.ch\\\/site\\\/verein\\\/anlaesse\\\/\",\"name\":\"Anl\u00e4sse - inbahn\",\"isPartOf\":{\"@id\":\"https:\\\/\\\/industriekultur-winterthur.ch\\\/site\\\/#website\"},\"datePublished\":\"2018-05-08T10:38:41+00:00\",\"dateModified\":\"2026-04-09T17:02:20+00:00\",\"breadcrumb\":{\"@id\":\"https:\\\/\\\/industriekultur-winterthur.ch\\\/site\\\/verein\\\/anlaesse\\\/#breadcrumb\"},\"inLanguage\":\"de\",\"potentialAction\":[{\"@type\":\"ReadAction\",\"target\":[\"https:\\\/\\\/industriekultur-winterthur.ch\\\/site\\\/verein\\\/anlaesse\\\/\"]}]},{\"@type\":\"BreadcrumbList\",\"@id\":\"https:\\\/\\\/industriekultur-winterthur.ch\\\/site\\\/verein\\\/anlaesse\\\/#breadcrumb\",\"itemListElement\":[{\"@type\":\"ListItem\",\"position\":1,\"name\":\"Startseite\",\"item\":\"https:\\\/\\\/industriekultur-winterthur.ch\\\/site\\\/\"},{\"@type\":\"ListItem\",\"position\":2,\"name\":\"Verein\",\"item\":\"https:\\\/\\\/industriekultur-winterthur.ch\\\/site\\\/verein\\\/\"},{\"@type\":\"ListItem\",\"position\":3,\"name\":\"Anl\u00e4sse\"}]},{\"@type\":\"WebSite\",\"@id\":\"https:\\\/\\\/industriekultur-winterthur.ch\\\/site\\\/#website\",\"url\":\"https:\\\/\\\/industriekultur-winterthur.ch\\\/site\\\/\",\"name\":\"Industriekultur Winterthur\",\"description\":\"Verein f\u00fcr Industrie- und Bahnkultur\",\"publisher\":{\"@id\":\"https:\\\/\\\/industriekultur-winterthur.ch\\\/site\\\/#organization\"},\"potentialAction\":[{\"@type\":\"SearchAction\",\"target\":{\"@type\":\"EntryPoint\",\"urlTemplate\":\"https:\\\/\\\/industriekultur-winterthur.ch\\\/site\\\/?s={search_term_string}\"},\"query-input\":{\"@type\":\"PropertyValueSpecification\",\"valueRequired\":true,\"valueName\":\"search_term_string\"}}],\"inLanguage\":\"de\"},{\"@type\":\"Organization\",\"@id\":\"https:\\\/\\\/industriekultur-winterthur.ch\\\/site\\\/#organization\",\"name\":\"Industriekultur Winterthur\",\"url\":\"https:\\\/\\\/industriekultur-winterthur.ch\\\/site\\\/\",\"logo\":{\"@type\":\"ImageObject\",\"inLanguage\":\"de\",\"@id\":\"https:\\\/\\\/industriekultur-winterthur.ch\\\/site\\\/#\\\/schema\\\/logo\\\/image\\\/\",\"url\":\"https:\\\/\\\/industriekultur-winterthur.ch\\\/site\\\/wp-content\\\/uploads\\\/2019\\\/01\\\/inbahn_orange.png\",\"contentUrl\":\"https:\\\/\\\/industriekultur-winterthur.ch\\\/site\\\/wp-content\\\/uploads\\\/2019\\\/01\\\/inbahn_orange.png\",\"width\":1890,\"height\":709,\"caption\":\"Industriekultur Winterthur\"},\"image\":{\"@id\":\"https:\\\/\\\/industriekultur-winterthur.ch\\\/site\\\/#\\\/schema\\\/logo\\\/image\\\/\"},\"sameAs\":[\"https:\\\/\\\/de-de.facebook.com\\\/Industriekultur.Schweiz\\\/\"]}]}<\/script>\n<!-- \/ Yoast SEO plugin. -->","yoast_head_json":{"title":"Anl\u00e4sse - inbahn","robots":{"index":"index","follow":"follow","max-snippet":"max-snippet:-1","max-image-preview":"max-image-preview:large","max-video-preview":"max-video-preview:-1"},"canonical":"https:\/\/industriekultur-winterthur.ch\/site\/verein\/anlaesse\/","og_locale":"de_DE","og_type":"article","og_title":"Anl\u00e4sse - inbahn","og_url":"https:\/\/industriekultur-winterthur.ch\/site\/verein\/anlaesse\/","og_site_name":"inbahn","article_publisher":"https:\/\/de-de.facebook.com\/Industriekultur.Schweiz\/","article_modified_time":"2026-04-09T17:02:20+00:00","twitter_card":"summary_large_image","twitter_misc":{"Gesch\u00e4tzte Lesezeit":"14\u00a0Minuten"},"schema":{"@context":"https:\/\/schema.org","@graph":[{"@type":"WebPage","@id":"https:\/\/industriekultur-winterthur.ch\/site\/verein\/anlaesse\/","url":"https:\/\/industriekultur-winterthur.ch\/site\/verein\/anlaesse\/","name":"Anl\u00e4sse - inbahn","isPartOf":{"@id":"https:\/\/industriekultur-winterthur.ch\/site\/#website"},"datePublished":"2018-05-08T10:38:41+00:00","dateModified":"2026-04-09T17:02:20+00:00","breadcrumb":{"@id":"https:\/\/industriekultur-winterthur.ch\/site\/verein\/anlaesse\/#breadcrumb"},"inLanguage":"de","potentialAction":[{"@type":"ReadAction","target":["https:\/\/industriekultur-winterthur.ch\/site\/verein\/anlaesse\/"]}]},{"@type":"BreadcrumbList","@id":"https:\/\/industriekultur-winterthur.ch\/site\/verein\/anlaesse\/#breadcrumb","itemListElement":[{"@type":"ListItem","position":1,"name":"Startseite","item":"https:\/\/industriekultur-winterthur.ch\/site\/"},{"@type":"ListItem","position":2,"name":"Verein","item":"https:\/\/industriekultur-winterthur.ch\/site\/verein\/"},{"@type":"ListItem","position":3,"name":"Anl\u00e4sse"}]},{"@type":"WebSite","@id":"https:\/\/industriekultur-winterthur.ch\/site\/#website","url":"https:\/\/industriekultur-winterthur.ch\/site\/","name":"Industriekultur Winterthur","description":"Verein f\u00fcr Industrie- und Bahnkultur","publisher":{"@id":"https:\/\/industriekultur-winterthur.ch\/site\/#organization"},"potentialAction":[{"@type":"SearchAction","target":{"@type":"EntryPoint","urlTemplate":"https:\/\/industriekultur-winterthur.ch\/site\/?s={search_term_string}"},"query-input":{"@type":"PropertyValueSpecification","valueRequired":true,"valueName":"search_term_string"}}],"inLanguage":"de"},{"@type":"Organization","@id":"https:\/\/industriekultur-winterthur.ch\/site\/#organization","name":"Industriekultur Winterthur","url":"https:\/\/industriekultur-winterthur.ch\/site\/","logo":{"@type":"ImageObject","inLanguage":"de","@id":"https:\/\/industriekultur-winterthur.ch\/site\/#\/schema\/logo\/image\/","url":"https:\/\/industriekultur-winterthur.ch\/site\/wp-content\/uploads\/2019\/01\/inbahn_orange.png","contentUrl":"https:\/\/industriekultur-winterthur.ch\/site\/wp-content\/uploads\/2019\/01\/inbahn_orange.png","width":1890,"height":709,"caption":"Industriekultur Winterthur"},"image":{"@id":"https:\/\/industriekultur-winterthur.ch\/site\/#\/schema\/logo\/image\/"},"sameAs":["https:\/\/de-de.facebook.com\/Industriekultur.Schweiz\/"]}]}},"jetpack_sharing_enabled":true,"_links":{"self":[{"href":"https:\/\/industriekultur-winterthur.ch\/site\/wp-json\/wp\/v2\/pages\/1255","targetHints":{"allow":["GET"]}}],"collection":[{"href":"https:\/\/industriekultur-winterthur.ch\/site\/wp-json\/wp\/v2\/pages"}],"about":[{"href":"https:\/\/industriekultur-winterthur.ch\/site\/wp-json\/wp\/v2\/types\/page"}],"author":[{"embeddable":true,"href":"https:\/\/industriekultur-winterthur.ch\/site\/wp-json\/wp\/v2\/users\/1"}],"replies":[{"embeddable":true,"href":"https:\/\/industriekultur-winterthur.ch\/site\/wp-json\/wp\/v2\/comments?post=1255"}],"version-history":[{"count":182,"href":"https:\/\/industriekultur-winterthur.ch\/site\/wp-json\/wp\/v2\/pages\/1255\/revisions"}],"predecessor-version":[{"id":4079,"href":"https:\/\/industriekultur-winterthur.ch\/site\/wp-json\/wp\/v2\/pages\/1255\/revisions\/4079"}],"up":[{"embeddable":true,"href":"https:\/\/industriekultur-winterthur.ch\/site\/wp-json\/wp\/v2\/pages\/236"}],"wp:attachment":[{"href":"https:\/\/industriekultur-winterthur.ch\/site\/wp-json\/wp\/v2\/media?parent=1255"}],"curies":[{"name":"wp","href":"https:\/\/api.w.org\/{rel}","templated":true}]}}